{"id":9309,"date":"2026-07-06T09:30:44","date_gmt":"2026-07-06T07:30:44","guid":{"rendered":"https:\/\/www.hotelaromar.com\/hotel-es\/"},"modified":"2026-08-27T11:01:26","modified_gmt":"2026-08-27T09:01:26","slug":"hotel","status":"publish","type":"page","link":"https:\/\/www.hotelaromar.com\/es\/hotel\/","title":{"rendered":"HOTEL AROMAR"},"content":{"rendered":"\t\t<div data-elementor-type=\"wp-page\" data-elementor-id=\"9309\" class=\"elementor elementor-9309 elementor-8166\" data-elementor-post-type=\"page\">\n\t\t\t\t<div class=\"elementor-element elementor-element-6353741 e-flex e-con-boxed e-con e-parent\" data-id=\"6353741\" data-element_type=\"container\" data-e-type=\"container\" data-settings=\"{&quot;background_background&quot;:&quot;video&quot;,&quot;background_video_link&quot;:&quot;https:\\\/\\\/youtu.be\\\/uSThul6CQF4&quot;,&quot;background_play_on_mobile&quot;:&quot;yes&quot;,&quot;background_video_start&quot;:11}\">\n\t\t\t\t\t<div class=\"e-con-inner\">\n\t\t<div class=\"elementor-background-video-container\">\n\t\t\t\t\t\t\t<div class=\"elementor-background-video-embed\" role=\"presentation\"><\/div>\n\t\t\t\t\t\t<\/div>\t\t<div class=\"elementor-element elementor-element-5ae2079 animated-slow elementor-invisible elementor-widget elementor-widget-heading\" data-id=\"5ae2079\" data-element_type=\"widget\" data-e-type=\"widget\" data-settings=\"{&quot;_animation&quot;:&quot;fadeIn&quot;,&quot;_animation_delay&quot;:1500}\" data-widget_type=\"heading.default\">\n\t\t\t\t<div class=\"elementor-widget-container\">\n\t\t\t\t\t<h1 class=\"elementor-heading-title elementor-size-default\">El hotel Aromar<\/h1>\t\t\t\t<\/div>\n\t\t\t\t<\/div>\n\t\t\t\t<div class=\"elementor-element elementor-element-7dfd04e elementor-widget__width-initial animated-slow elementor-invisible elementor-widget elementor-widget-heading\" data-id=\"7dfd04e\" data-element_type=\"widget\" data-e-type=\"widget\" data-settings=\"{&quot;_animation&quot;:&quot;fadeIn&quot;,&quot;_animation_delay&quot;:1700}\" data-widget_type=\"heading.default\">\n\t\t\t\t<div class=\"elementor-widget-container\">\n\t\t\t\t\t<div class=\"elementor-heading-title elementor-size-default\">Hotel de cuatro estrellas situado frente al mar<\/div>\t\t\t\t<\/div>\n\t\t\t\t<\/div>\n\t\t\t\t\t<\/div>\n\t\t\t\t<\/div>\n\t\t<div class=\"elementor-element elementor-element-366984c e-flex e-con-boxed e-con e-parent\" data-id=\"366984c\" data-element_type=\"container\" data-e-type=\"container\" data-settings=\"{&quot;background_background&quot;:&quot;classic&quot;}\">\n\t\t\t\t\t<div class=\"e-con-inner\">\n\t\t\t\t<div class=\"elementor-element elementor-element-1f26b1d elementor-widget elementor-widget-heading\" data-id=\"1f26b1d\" data-element_type=\"widget\" data-e-type=\"widget\" data-widget_type=\"heading.default\">\n\t\t\t\t<div class=\"elementor-widget-container\">\n\t\t\t\t\t<div class=\"elementor-heading-title elementor-size-default\">en el coraz\u00f3n de la<\/div>\t\t\t\t<\/div>\n\t\t\t\t<\/div>\n\t\t\t\t<div class=\"elementor-element elementor-element-0bb905c elementor-widget elementor-widget-heading\" data-id=\"0bb905c\" data-element_type=\"widget\" data-e-type=\"widget\" data-widget_type=\"heading.default\">\n\t\t\t\t<div class=\"elementor-widget-container\">\n\t\t\t\t\t<div class=\"elementor-heading-title elementor-size-default\">Costa Brava<\/div>\t\t\t\t<\/div>\n\t\t\t\t<\/div>\n\t\t\t\t<div class=\"elementor-element elementor-element-2e50c57 elementor-widget elementor-widget-text-editor\" data-id=\"2e50c57\" data-element_type=\"widget\" data-e-type=\"widget\" data-widget_type=\"text-editor.default\">\n\t\t\t\t<div class=\"elementor-widget-container\">\n\t\t\t\t\t\t\t\t\t<p><span style=\"font-weight: 400;\">El Hotel Aromar es un hotel de cuatro estrellas frente al mar donde se respira el esp\u00edritu aut\u00e9ntico de la Costa Brava, ideal para quienes buscan unas vacaciones en familia, en pareja, con amigos o en grupo sin renunciar a las vistas al Mediterr\u00e1neo.<\/span><\/p><p><span style=\"font-weight: 400;\">Este hotel en primera l\u00ednea de Platja d&#8217;Aro se encuentra justo en el paseo mar\u00edtimo de la Platja Gran, una de las playas mejor valoradas de la costa catalana. Con m\u00e1s de 50 a\u00f1os de experiencia y perteneciente al grupo Aromar Hotels &amp; Restaurants, aqu\u00ed encontrar\u00e1s 147 habitaciones de dise\u00f1o moderno y rom\u00e1ntico, una piscina exterior con vistas al mar, terraza y El Bufet Mestral, su restaurante propio, donde el producto local es el protagonista. Si buscas un hotel con encanto frente al mar en la Costa Brava, te damos la bienvenida al Aromar.<\/span><\/p><p><span style=\"font-weight: 400;\">Si lo que buscas es entretenimiento, el centro de Platja d&#8217;Aro te espera a pocos pasos, con una de las ofertas comerciales, de ocio y de actividades m\u00e1s ricas de la zona. Sea cual sea el plan de tus vacaciones, ya sea en pareja, en familia o en grupo, el Hotel Aromar se adapta a todas tus necesidades.<\/span><\/p>\t\t\t\t\t\t\t\t<\/div>\n\t\t\t\t<\/div>\n\t\t\t\t<div class=\"elementor-element elementor-element-b86c4d1 elementor-align-center elementor-widget elementor-widget-button\" data-id=\"b86c4d1\" data-element_type=\"widget\" data-e-type=\"widget\" data-widget_type=\"button.default\">\n\t\t\t\t<div class=\"elementor-widget-container\">\n\t\t\t\t\t\t\t\t\t<div class=\"elementor-button-wrapper\">\n\t\t\t\t\t<a class=\"elementor-button elementor-button-link elementor-size-sm elementor-animation-shrink\" href=\"\/es\/reservas\/\">\n\t\t\t\t\t\t<span class=\"elementor-button-content-wrapper\">\n\t\t\t\t\t\t\t\t\t<span class=\"elementor-button-text\">Reserva tu estancia<\/span>\n\t\t\t\t\t<\/span>\n\t\t\t\t\t<\/a>\n\t\t\t\t<\/div>\n\t\t\t\t\t\t\t\t<\/div>\n\t\t\t\t<\/div>\n\t\t\t\t\t<\/div>\n\t\t\t\t<\/div>\n\t\t<div class=\"elementor-element elementor-element-d2fb545 e-con-full e-flex e-con e-parent\" data-id=\"d2fb545\" data-element_type=\"container\" data-e-type=\"container\" data-settings=\"{&quot;background_background&quot;:&quot;classic&quot;}\">\n\t\t<div class=\"elementor-element elementor-element-3d45e82 e-con-full e-flex e-con e-child\" data-id=\"3d45e82\" data-element_type=\"container\" data-e-type=\"container\" data-settings=\"{&quot;background_background&quot;:&quot;classic&quot;}\">\n\t\t\t\t<\/div>\n\t\t<div class=\"elementor-element elementor-element-35af9f6 e-con-full e-flex e-con e-child\" data-id=\"35af9f6\" data-element_type=\"container\" data-e-type=\"container\">\n\t\t<div class=\"elementor-element elementor-element-f8e9d41 e-con-full e-flex e-con e-child\" data-id=\"f8e9d41\" data-element_type=\"container\" data-e-type=\"container\">\n\t\t\t\t<div class=\"elementor-element elementor-element-0d7a45d elementor-widget elementor-widget-heading\" data-id=\"0d7a45d\" data-element_type=\"widget\" data-e-type=\"widget\" data-widget_type=\"heading.default\">\n\t\t\t\t<div class=\"elementor-widget-container\">\n\t\t\t\t\t<h1 class=\"elementor-heading-title elementor-size-default\">Un patrimonio natural \u00fanico<\/h1>\t\t\t\t<\/div>\n\t\t\t\t<\/div>\n\t\t\t\t<div class=\"elementor-element elementor-element-a2a4551 elementor-widget elementor-widget-text-editor\" data-id=\"a2a4551\" data-element_type=\"widget\" data-e-type=\"widget\" data-widget_type=\"text-editor.default\">\n\t\t\t\t<div class=\"elementor-widget-container\">\n\t\t\t\t\t\t\t\t\t<p>Con un patrimonio natural \u00fanico, la Costa Brava est\u00e1 considerada internacionalmente como una de las regiones m\u00e1s bonitas de Espa\u00f1a. Conocida por sus playas y calas de arena dorada, aguas transparentes y acantilados escarpados que acaban en el mar, es un destino perfecto tanto para una escapada rom\u00e1ntica como para unas vacaciones en familia o con amigos.<\/p><p>La Costa Brava es sin\u00f3nimo de pueblos con encanto a la orilla del mar como Cadaqu\u00e9s y Calella de Palafrugell o en el interior del Empord\u00e0 como Pals o Peratallada. Tambi\u00e9n de destinos de ocio y compras como Platja d&#8217;Aro.<\/p><p>La Costa Brava es adem\u00e1s ideal para los amantes del deporte, ya que se puede practicar senderismo por los caminos de ronda, ciclismo, golf y todo tipo de actividades acu\u00e1ticas como submarinismo o vela.<\/p><p>El tiempo en la Costa Brava es ideal todo el a\u00f1o, con inviernos cortos y suaves y veranos largos con temperaturas perfectas para unas vacaciones en la playa.<\/p>\t\t\t\t\t\t\t\t<\/div>\n\t\t\t\t<\/div>\n\t\t\t\t<\/div>\n\t\t\t\t<\/div>\n\t\t\t\t<\/div>\n\t\t<div class=\"elementor-element elementor-element-ee7ce10 e-con-full e-flex e-con e-parent\" data-id=\"ee7ce10\" data-element_type=\"container\" data-e-type=\"container\" data-settings=\"{&quot;background_background&quot;:&quot;classic&quot;}\">\n\t\t<div class=\"elementor-element elementor-element-dbdcab9 e-con-full e-flex e-con e-child\" data-id=\"dbdcab9\" data-element_type=\"container\" data-e-type=\"container\">\n\t\t<div class=\"elementor-element elementor-element-3b24e13 e-con-full e-flex e-con e-child\" data-id=\"3b24e13\" data-element_type=\"container\" data-e-type=\"container\">\n\t\t\t\t<div class=\"elementor-element elementor-element-c1c2c73 elementor-widget elementor-widget-heading\" data-id=\"c1c2c73\" data-element_type=\"widget\" data-e-type=\"widget\" data-widget_type=\"heading.default\">\n\t\t\t\t<div class=\"elementor-widget-container\">\n\t\t\t\t\t<h1 class=\"elementor-heading-title elementor-size-default\">En el coraz\u00f3n de la Costa Brava<\/h1>\t\t\t\t<\/div>\n\t\t\t\t<\/div>\n\t\t\t\t<div class=\"elementor-element elementor-element-b30150a elementor-widget elementor-widget-text-editor\" data-id=\"b30150a\" data-element_type=\"widget\" data-e-type=\"widget\" data-widget_type=\"text-editor.default\">\n\t\t\t\t<div class=\"elementor-widget-container\">\n\t\t\t\t\t\t\t\t\t<p>Platja d&#8217;Aro est\u00e1 situada en el coraz\u00f3n de la Costa Brava. Originalmente fue un peque\u00f1o poblado de pescadores junto a una playa de 2 km entre Palam\u00f3s y Sant Feliu de Gu\u00edxols.<\/p><p>Actualmente es un popular destino de playa con una gran diversidad de calas escondidas de arena fina, vistas espectaculares y agua cristalina.<\/p><p>Paseando por Platja d&#8217;Aro descubrir\u00e9is tambi\u00e9n multitud de tiendas, restaurantes y terrazas donde comprar y probar la gastronom\u00eda local.<\/p><p>Platja d&#8217;Aro es mar, naturaleza, ocio, compras, gastronom\u00eda y mucho m\u00e1s para disfrutar en pareja, con amigos o en familia.<\/p><p>De hecho, la Generalitat de Catalunya la ha reconocido con el t\u00edtulo de \u00abDestino de Turismo Familiar\u00bb.<\/p>\t\t\t\t\t\t\t\t<\/div>\n\t\t\t\t<\/div>\n\t\t\t\t<\/div>\n\t\t\t\t<\/div>\n\t\t<div class=\"elementor-element elementor-element-3de2c08 e-con-full e-flex e-con e-child\" data-id=\"3de2c08\" data-element_type=\"container\" data-e-type=\"container\" data-settings=\"{&quot;background_background&quot;:&quot;classic&quot;}\">\n\t\t\t\t<\/div>\n\t\t\t\t<\/div>\n\t\t<div class=\"elementor-element elementor-element-793c116 e-con-full e-flex e-con e-parent\" data-id=\"793c116\" data-element_type=\"container\" data-e-type=\"container\">\n\t\t\t\t<div class=\"elementor-element elementor-element-bc747e7 elementor-widget elementor-widget-template\" data-id=\"bc747e7\" data-element_type=\"widget\" data-e-type=\"widget\" data-widget_type=\"template.default\">\n\t\t\t\t<div class=\"elementor-widget-container\">\n\t\t\t\t\t\t\t<div class=\"elementor-template\">\n\t\t\t\t\t<div data-elementor-type=\"container\" data-elementor-id=\"9304\" class=\"elementor elementor-9304 elementor-8515 elementor-8515\" data-elementor-post-type=\"elementor_library\">\n\t\t\t\t<div class=\"elementor-element elementor-element-7010090 e-flex e-con-boxed e-con e-parent\" data-id=\"7010090\" data-element_type=\"container\" data-e-type=\"container\" data-settings=\"{&quot;background_background&quot;:&quot;classic&quot;}\">\n\t\t\t\t\t<div class=\"e-con-inner\">\n\t\t\t\t<div class=\"elementor-element elementor-element-0838a3f elementor-widget elementor-widget-heading\" data-id=\"0838a3f\" data-element_type=\"widget\" data-e-type=\"widget\" data-widget_type=\"heading.default\">\n\t\t\t\t<div class=\"elementor-widget-container\">\n\t\t\t\t\t<div class=\"elementor-heading-title elementor-size-default\">Ventajas de reservar en la web<\/div>\t\t\t\t<\/div>\n\t\t\t\t<\/div>\n\t\t<div class=\"elementor-element elementor-element-0f2eaef e-con-full e-flex e-con e-child\" data-id=\"0f2eaef\" data-element_type=\"container\" data-e-type=\"container\">\n\t\t\t\t<div class=\"elementor-element elementor-element-c732488 elementor-widget-mobile__width-initial elementor-view-default elementor-position-block-start elementor-mobile-position-block-start elementor-widget elementor-widget-icon-box\" data-id=\"c732488\" data-element_type=\"widget\" data-e-type=\"widget\" data-widget_type=\"icon-box.default\">\n\t\t\t\t<div class=\"elementor-widget-container\">\n\t\t\t\t\t\t\t<div class=\"elementor-icon-box-wrapper\">\n\n\t\t\t\t\t\t<div class=\"elementor-icon-box-icon\">\n\t\t\t\t<span  class=\"elementor-icon\">\n\t\t\t\t<svg xmlns=\"http:\/\/www.w3.org\/2000\/svg\" height=\"24\" viewBox=\"0 -960 960 960\" width=\"24\"><path d=\"M480-150q-21 0-35.5-14.5T430-200q0-21 14.5-35.5T480-250q21 0 35.5 14.5T530-200q0 21-14.5 35.5T480-150ZM254-346l-28-28q50-50 114.666-78t139.5-28Q555-480 619.5-452T734-374l-28 28q-44-44-102-69t-124-25q-66 0-124 25t-102 69ZM84-516l-28-28q81-81 189-128.5T480-720q127 0 235 47.5T904-544l-28 28q-77-77-178.5-120.5T480-680q-116 0-217.5 43.5T84-516Z\"><\/path><\/svg>\t\t\t\t<\/span>\n\t\t\t<\/div>\n\t\t\t\n\t\t\t\t\t\t<div class=\"elementor-icon-box-content\">\n\n\t\t\t\t\t\t\t\t\t<h3 class=\"elementor-icon-box-title\">\n\t\t\t\t\t\t<span  >\n\t\t\t\t\t\t\tWifi gratuito\t\t\t\t\t\t<\/span>\n\t\t\t\t\t<\/h3>\n\t\t\t\t\n\t\t\t\t\n\t\t\t<\/div>\n\t\t\t\n\t\t<\/div>\n\t\t\t\t\t\t<\/div>\n\t\t\t\t<\/div>\n\t\t\t\t<div class=\"elementor-element elementor-element-95e4e74 elementor-widget-mobile__width-initial elementor-view-default elementor-position-block-start elementor-mobile-position-block-start elementor-widget elementor-widget-icon-box\" data-id=\"95e4e74\" data-element_type=\"widget\" data-e-type=\"widget\" data-widget_type=\"icon-box.default\">\n\t\t\t\t<div class=\"elementor-widget-container\">\n\t\t\t\t\t\t\t<div class=\"elementor-icon-box-wrapper\">\n\n\t\t\t\t\t\t<div class=\"elementor-icon-box-icon\">\n\t\t\t\t<span  class=\"elementor-icon\">\n\t\t\t\t<svg xmlns=\"http:\/\/www.w3.org\/2000\/svg\" height=\"24px\" viewBox=\"0 -960 960 960\" width=\"24px\" fill=\"#000000\"><path d=\"M292-172v-616h228q77 0 132.5 55.5T708-600q0 77-55.5 132.5T520-412H348v240h-56Zm56-296h172q54 0 93-39t39-93q0-54-39-93t-93-39H348v264Z\"><\/path><\/svg>\t\t\t\t<\/span>\n\t\t\t<\/div>\n\t\t\t\n\t\t\t\t\t\t<div class=\"elementor-icon-box-content\">\n\n\t\t\t\t\t\t\t\t\t<h3 class=\"elementor-icon-box-title\">\n\t\t\t\t\t\t<span  >\n\t\t\t\t\t\t\tParking\t\t\t\t\t\t<\/span>\n\t\t\t\t\t<\/h3>\n\t\t\t\t\n\t\t\t\t\n\t\t\t<\/div>\n\t\t\t\n\t\t<\/div>\n\t\t\t\t\t\t<\/div>\n\t\t\t\t<\/div>\n\t\t\t\t<div class=\"elementor-element elementor-element-4fd5e30 elementor-widget-mobile__width-initial elementor-view-default elementor-position-block-start elementor-mobile-position-block-start elementor-widget elementor-widget-icon-box\" data-id=\"4fd5e30\" data-element_type=\"widget\" data-e-type=\"widget\" data-widget_type=\"icon-box.default\">\n\t\t\t\t<div class=\"elementor-widget-container\">\n\t\t\t\t\t\t\t<div class=\"elementor-icon-box-wrapper\">\n\n\t\t\t\t\t\t<div class=\"elementor-icon-box-icon\">\n\t\t\t\t<span  class=\"elementor-icon\">\n\t\t\t\t<svg xmlns=\"http:\/\/www.w3.org\/2000\/svg\" height=\"24px\" viewBox=\"0 -960 960 960\" width=\"24px\" fill=\"#000000\"><path d=\"m354-287 126-76 126 77-33-144 111-96-146-13-58-136-58 135-146 13 111 97-33 143Zm-61 83.92 49.62-212.54-164.93-142.84 217.23-18.85L480-777.69l85.08 200.38 217.23 18.85-164.93 142.84L667-203.08 480-315.92 293-203.08ZM480-470Z\"><\/path><\/svg>\t\t\t\t<\/span>\n\t\t\t<\/div>\n\t\t\t\n\t\t\t\t\t\t<div class=\"elementor-icon-box-content\">\n\n\t\t\t\t\t\t\t\t\t<h3 class=\"elementor-icon-box-title\">\n\t\t\t\t\t\t<span  >\n\t\t\t\t\t\t\tMejor tarifa\t\t\t\t\t\t<\/span>\n\t\t\t\t\t<\/h3>\n\t\t\t\t\n\t\t\t\t\n\t\t\t<\/div>\n\t\t\t\n\t\t<\/div>\n\t\t\t\t\t\t<\/div>\n\t\t\t\t<\/div>\n\t\t\t\t<div class=\"elementor-element elementor-element-bcd34ad elementor-widget-mobile__width-initial elementor-view-default elementor-position-block-start elementor-mobile-position-block-start elementor-widget elementor-widget-icon-box\" data-id=\"bcd34ad\" data-element_type=\"widget\" data-e-type=\"widget\" data-widget_type=\"icon-box.default\">\n\t\t\t\t<div class=\"elementor-widget-container\">\n\t\t\t\t\t\t\t<div class=\"elementor-icon-box-wrapper\">\n\n\t\t\t\t\t\t<div class=\"elementor-icon-box-icon\">\n\t\t\t\t<span  class=\"elementor-icon\">\n\t\t\t\t<svg xmlns=\"http:\/\/www.w3.org\/2000\/svg\" height=\"24\" viewBox=\"0 -960 960 960\" width=\"24\"><path d=\"M828-688v416q0 26-17 43t-43 17H192q-26 0-43-17t-17-43v-416q0-26 17-43t43-17h576q26 0 43 17t17 43Zm-668 90h640v-90q0-12-10-22t-22-10H192q-12 0-22 10t-10 22v90Zm0 76v250q0 12 10 22t22 10h576q12 0 22-10t10-22v-250H160Zm0 282v-480 480Z\"><\/path><\/svg>\t\t\t\t<\/span>\n\t\t\t<\/div>\n\t\t\t\n\t\t\t\t\t\t<div class=\"elementor-icon-box-content\">\n\n\t\t\t\t\t\t\t\t\t<h3 class=\"elementor-icon-box-title\">\n\t\t\t\t\t\t<span  >\n\t\t\t\t\t\t\tPago en el hotel\t\t\t\t\t\t<\/span>\n\t\t\t\t\t<\/h3>\n\t\t\t\t\n\t\t\t\t\n\t\t\t<\/div>\n\t\t\t\n\t\t<\/div>\n\t\t\t\t\t\t<\/div>\n\t\t\t\t<\/div>\n\t\t\t\t<\/div>\n\t\t\t\t\t<\/div>\n\t\t\t\t<\/div>\n\t\t\t\t<\/div>\n\t\t\t\t<\/div>\n\t\t\t\t\t\t<\/div>\n\t\t\t\t<\/div>\n\t\t\t\t<\/div>\n\t\t\t\t<\/div>\n\t\t","protected":false},"excerpt":{"rendered":"<p>El hotel Aromar Hotel de cuatro estrellas situado frente al mar en el coraz\u00f3n de la Costa Brava El Hotel Aromar es un hotel de cuatro estrellas frente al mar donde se respira el esp\u00edritu aut\u00e9ntico de la Costa Brava, ideal para quienes buscan unas vacaciones en familia, en pareja, con amigos o en grupo&hellip;&nbsp;<\/p>\n","protected":false},"author":1,"featured_media":0,"parent":0,"menu_order":0,"comment_status":"closed","ping_status":"closed","template":"elementor_header_footer","meta":{"_acf_changed":false,"neve_meta_sidebar":"","neve_meta_container":"","neve_meta_enable_content_width":"","neve_meta_content_width":0,"neve_meta_title_alignment":"","neve_meta_author_avatar":"","neve_post_elements_order":"","neve_meta_disable_header":"","neve_meta_disable_footer":"","neve_meta_disable_title":"","neve_meta_reading_time":"","footnotes":""},"class_list":["post-9309","page","type-page","status-publish","hentry"],"acf":[],"yoast_head":"<!-- This site is optimized with the Yoast SEO plugin v28.4 - https:\/\/yoast.com\/product\/yoast-seo-wordpress\/ -->\n<title>HOTEL AROMAR | Hotel Aromar<\/title>\n<meta name=\"robots\" content=\"index, follow, max-snippet:-1, max-image-preview:large, max-video-preview:-1\" \/>\n<link rel=\"canonical\" href=\"https:\/\/www.hotelaromar.com\/es\/hotel\/\" \/>\n<meta property=\"og:locale\" content=\"es_ES\" \/>\n<meta property=\"og:type\" content=\"article\" \/>\n<meta property=\"og:title\" content=\"HOTEL AROMAR | Hotel Aromar\" \/>\n<meta property=\"og:description\" content=\"El hotel Aromar Hotel de cuatro estrellas situado frente al mar en el coraz\u00f3n de la Costa Brava El Hotel Aromar es un hotel de cuatro estrellas frente al mar donde se respira el esp\u00edritu aut\u00e9ntico de la Costa Brava, ideal para quienes buscan unas vacaciones en familia, en pareja, con amigos o en grupo&hellip;&nbsp;\" \/>\n<meta property=\"og:url\" content=\"https:\/\/www.hotelaromar.com\/es\/hotel\/\" \/>\n<meta property=\"og:site_name\" content=\"Hotel Aromar\" \/>\n<meta property=\"article:publisher\" content=\"https:\/\/www.facebook.com\/hotelaromar.platjadaro\/\" \/>\n<meta property=\"article:modified_time\" content=\"2026-08-27T09:01:26+00:00\" \/>\n<meta property=\"og:image\" content=\"https:\/\/www.hotelaromar.com\/wp-content\/uploads\/2024\/04\/Aromar.jpg\" \/>\n\t<meta property=\"og:image:width\" content=\"1200\" \/>\n\t<meta property=\"og:image:height\" content=\"675\" \/>\n\t<meta property=\"og:image:type\" content=\"image\/jpeg\" \/>\n<meta name=\"twitter:card\" content=\"summary_large_image\" \/>\n<meta name=\"twitter:label1\" content=\"Tiempo de lectura\" \/>\n\t<meta name=\"twitter:data1\" content=\"3 minutos\" \/>\n<script type=\"application\/ld+json\" class=\"yoast-schema-graph\">{\"@context\":\"https:\\\/\\\/schema.org\",\"@graph\":[{\"@type\":\"WebPage\",\"@id\":\"https:\\\/\\\/www.hotelaromar.com\\\/es\\\/hotel\\\/\",\"url\":\"https:\\\/\\\/www.hotelaromar.com\\\/es\\\/hotel\\\/\",\"name\":\"HOTEL AROMAR | Hotel Aromar\",\"isPartOf\":{\"@id\":\"https:\\\/\\\/www.hotelaromar.com\\\/es\\\/#website\"},\"datePublished\":\"2026-07-06T07:30:44+00:00\",\"dateModified\":\"2026-08-27T09:01:26+00:00\",\"breadcrumb\":{\"@id\":\"https:\\\/\\\/www.hotelaromar.com\\\/es\\\/hotel\\\/#breadcrumb\"},\"inLanguage\":\"es\",\"potentialAction\":[{\"@type\":\"ReadAction\",\"target\":[\"https:\\\/\\\/www.hotelaromar.com\\\/es\\\/hotel\\\/\"]}]},{\"@type\":\"BreadcrumbList\",\"@id\":\"https:\\\/\\\/www.hotelaromar.com\\\/es\\\/hotel\\\/#breadcrumb\",\"itemListElement\":[{\"@type\":\"ListItem\",\"position\":1,\"name\":\"Portada\",\"item\":\"https:\\\/\\\/www.hotelaromar.com\\\/es\\\/\"},{\"@type\":\"ListItem\",\"position\":2,\"name\":\"HOTEL AROMAR\"}]},{\"@type\":\"WebSite\",\"@id\":\"https:\\\/\\\/www.hotelaromar.com\\\/es\\\/#website\",\"url\":\"https:\\\/\\\/www.hotelaromar.com\\\/es\\\/\",\"name\":\"Aromar Hotels & Restaurants\",\"description\":\"La teva llar mediterr\u00e0nia davant del mar\",\"publisher\":{\"@id\":\"https:\\\/\\\/www.hotelaromar.com\\\/es\\\/#organization\"},\"alternateName\":\"Aromar Hotels & Restaurants\",\"potentialAction\":[{\"@type\":\"SearchAction\",\"target\":{\"@type\":\"EntryPoint\",\"urlTemplate\":\"https:\\\/\\\/www.hotelaromar.com\\\/es\\\/?s={search_term_string}\"},\"query-input\":{\"@type\":\"PropertyValueSpecification\",\"valueRequired\":true,\"valueName\":\"search_term_string\"}}],\"inLanguage\":\"es\"},{\"@type\":\"Organization\",\"@id\":\"https:\\\/\\\/www.hotelaromar.com\\\/es\\\/#organization\",\"name\":\"Hotel Aromar\",\"alternateName\":\"Aromar Hotels\",\"url\":\"https:\\\/\\\/www.hotelaromar.com\\\/es\\\/\",\"logo\":{\"@type\":\"ImageObject\",\"inLanguage\":\"es\",\"@id\":\"https:\\\/\\\/www.hotelaromar.com\\\/es\\\/#\\\/schema\\\/logo\\\/image\\\/\",\"url\":\"https:\\\/\\\/www.hotelaromar.com\\\/wp-content\\\/uploads\\\/2026\\\/08\\\/favicon-aromar.png\",\"contentUrl\":\"https:\\\/\\\/www.hotelaromar.com\\\/wp-content\\\/uploads\\\/2026\\\/08\\\/favicon-aromar.png\",\"width\":512,\"height\":512,\"caption\":\"Hotel Aromar\"},\"image\":{\"@id\":\"https:\\\/\\\/www.hotelaromar.com\\\/es\\\/#\\\/schema\\\/logo\\\/image\\\/\"},\"sameAs\":[\"https:\\\/\\\/www.facebook.com\\\/hotelaromar.platjadaro\\\/\",\"https:\\\/\\\/www.instagram.com\\\/hotelaromar\\\/\",\"https:\\\/\\\/www.tiktok.com\\\/@aromarhotels\",\"https:\\\/\\\/www.linkedin.com\\\/company\\\/grup-aromar\\\/about\\\/\"]}]}<\/script>\n<!-- \/ Yoast SEO plugin. -->","yoast_head_json":{"title":"HOTEL AROMAR | Hotel Aromar","robots":{"index":"index","follow":"follow","max-snippet":"max-snippet:-1","max-image-preview":"max-image-preview:large","max-video-preview":"max-video-preview:-1"},"canonical":"https:\/\/www.hotelaromar.com\/es\/hotel\/","og_locale":"es_ES","og_type":"article","og_title":"HOTEL AROMAR | Hotel Aromar","og_description":"El hotel Aromar Hotel de cuatro estrellas situado frente al mar en el coraz\u00f3n de la Costa Brava El Hotel Aromar es un hotel de cuatro estrellas frente al mar donde se respira el esp\u00edritu aut\u00e9ntico de la Costa Brava, ideal para quienes buscan unas vacaciones en familia, en pareja, con amigos o en grupo&hellip;&nbsp;","og_url":"https:\/\/www.hotelaromar.com\/es\/hotel\/","og_site_name":"Hotel Aromar","article_publisher":"https:\/\/www.facebook.com\/hotelaromar.platjadaro\/","article_modified_time":"2026-08-27T09:01:26+00:00","og_image":[{"width":1200,"height":675,"url":"https:\/\/www.hotelaromar.com\/wp-content\/uploads\/2024\/04\/Aromar.jpg","type":"image\/jpeg"}],"twitter_card":"summary_large_image","twitter_misc":{"Tiempo de lectura":"3 minutos"},"schema":{"@context":"https:\/\/schema.org","@graph":[{"@type":"WebPage","@id":"https:\/\/www.hotelaromar.com\/es\/hotel\/","url":"https:\/\/www.hotelaromar.com\/es\/hotel\/","name":"HOTEL AROMAR | Hotel Aromar","isPartOf":{"@id":"https:\/\/www.hotelaromar.com\/es\/#website"},"datePublished":"2026-07-06T07:30:44+00:00","dateModified":"2026-08-27T09:01:26+00:00","breadcrumb":{"@id":"https:\/\/www.hotelaromar.com\/es\/hotel\/#breadcrumb"},"inLanguage":"es","potentialAction":[{"@type":"ReadAction","target":["https:\/\/www.hotelaromar.com\/es\/hotel\/"]}]},{"@type":"BreadcrumbList","@id":"https:\/\/www.hotelaromar.com\/es\/hotel\/#breadcrumb","itemListElement":[{"@type":"ListItem","position":1,"name":"Portada","item":"https:\/\/www.hotelaromar.com\/es\/"},{"@type":"ListItem","position":2,"name":"HOTEL AROMAR"}]},{"@type":"WebSite","@id":"https:\/\/www.hotelaromar.com\/es\/#website","url":"https:\/\/www.hotelaromar.com\/es\/","name":"Aromar Hotels & Restaurants","description":"La teva llar mediterr\u00e0nia davant del mar","publisher":{"@id":"https:\/\/www.hotelaromar.com\/es\/#organization"},"alternateName":"Aromar Hotels & Restaurants","potentialAction":[{"@type":"SearchAction","target":{"@type":"EntryPoint","urlTemplate":"https:\/\/www.hotelaromar.com\/es\/?s={search_term_string}"},"query-input":{"@type":"PropertyValueSpecification","valueRequired":true,"valueName":"search_term_string"}}],"inLanguage":"es"},{"@type":"Organization","@id":"https:\/\/www.hotelaromar.com\/es\/#organization","name":"Hotel Aromar","alternateName":"Aromar Hotels","url":"https:\/\/www.hotelaromar.com\/es\/","logo":{"@type":"ImageObject","inLanguage":"es","@id":"https:\/\/www.hotelaromar.com\/es\/#\/schema\/logo\/image\/","url":"https:\/\/www.hotelaromar.com\/wp-content\/uploads\/2026\/08\/favicon-aromar.png","contentUrl":"https:\/\/www.hotelaromar.com\/wp-content\/uploads\/2026\/08\/favicon-aromar.png","width":512,"height":512,"caption":"Hotel Aromar"},"image":{"@id":"https:\/\/www.hotelaromar.com\/es\/#\/schema\/logo\/image\/"},"sameAs":["https:\/\/www.facebook.com\/hotelaromar.platjadaro\/","https:\/\/www.instagram.com\/hotelaromar\/","https:\/\/www.tiktok.com\/@aromarhotels","https:\/\/www.linkedin.com\/company\/grup-aromar\/about\/"]}]}},"_links":{"self":[{"href":"https:\/\/www.hotelaromar.com\/es\/wp-json\/wp\/v2\/pages\/9309","targetHints":{"allow":["GET"]}}],"collection":[{"href":"https:\/\/www.hotelaromar.com\/es\/wp-json\/wp\/v2\/pages"}],"about":[{"href":"https:\/\/www.hotelaromar.com\/es\/wp-json\/wp\/v2\/types\/page"}],"author":[{"embeddable":true,"href":"https:\/\/www.hotelaromar.com\/es\/wp-json\/wp\/v2\/users\/1"}],"replies":[{"embeddable":true,"href":"https:\/\/www.hotelaromar.com\/es\/wp-json\/wp\/v2\/comments?post=9309"}],"version-history":[{"count":9,"href":"https:\/\/www.hotelaromar.com\/es\/wp-json\/wp\/v2\/pages\/9309\/revisions"}],"predecessor-version":[{"id":10235,"href":"https:\/\/www.hotelaromar.com\/es\/wp-json\/wp\/v2\/pages\/9309\/revisions\/10235"}],"wp:attachment":[{"href":"https:\/\/www.hotelaromar.com\/es\/wp-json\/wp\/v2\/media?parent=9309"}],"curies":[{"name":"wp","href":"https:\/\/api.w.org\/{rel}","templated":true}]}}