{"id":8173,"date":"2026-07-06T09:30:44","date_gmt":"2026-07-06T07:30:44","guid":{"rendered":"https:\/\/www.hotelaromar.com\/hotel-7\/"},"modified":"2026-08-27T11:02:26","modified_gmt":"2026-08-27T09:02:26","slug":"hotel","status":"publish","type":"page","link":"https:\/\/www.hotelaromar.com\/fr\/hotel\/","title":{"rendered":"L&rsquo;H\u00d4TEL AROMAR"},"content":{"rendered":"\t\t<div data-elementor-type=\"wp-page\" data-elementor-id=\"8173\" class=\"elementor elementor-8173 elementor-8166\" data-elementor-post-type=\"page\">\n\t\t\t\t<div class=\"elementor-element elementor-element-6353741 e-flex e-con-boxed e-con e-parent\" data-id=\"6353741\" data-element_type=\"container\" data-e-type=\"container\" data-settings=\"{&quot;background_background&quot;:&quot;video&quot;,&quot;background_video_link&quot;:&quot;https:\\\/\\\/youtu.be\\\/uSThul6CQF4&quot;,&quot;background_play_on_mobile&quot;:&quot;yes&quot;,&quot;background_video_start&quot;:11}\">\n\t\t\t\t\t<div class=\"e-con-inner\">\n\t\t<div class=\"elementor-background-video-container\">\n\t\t\t\t\t\t\t<div class=\"elementor-background-video-embed\" role=\"presentation\"><\/div>\n\t\t\t\t\t\t<\/div>\t\t<div class=\"elementor-element elementor-element-5ae2079 animated-slow elementor-invisible elementor-widget elementor-widget-heading\" data-id=\"5ae2079\" data-element_type=\"widget\" data-e-type=\"widget\" data-settings=\"{&quot;_animation&quot;:&quot;fadeIn&quot;,&quot;_animation_delay&quot;:1500}\" data-widget_type=\"heading.default\">\n\t\t\t\t<div class=\"elementor-widget-container\">\n\t\t\t\t\t<h1 class=\"elementor-heading-title elementor-size-default\">L'h\u00f4tel Aromar<\/h1>\t\t\t\t<\/div>\n\t\t\t\t<\/div>\n\t\t\t\t<div class=\"elementor-element elementor-element-7dfd04e elementor-widget__width-initial animated-slow elementor-invisible elementor-widget elementor-widget-heading\" data-id=\"7dfd04e\" data-element_type=\"widget\" data-e-type=\"widget\" data-settings=\"{&quot;_animation&quot;:&quot;fadeIn&quot;,&quot;_animation_delay&quot;:1700}\" data-widget_type=\"heading.default\">\n\t\t\t\t<div class=\"elementor-widget-container\">\n\t\t\t\t\t<div class=\"elementor-heading-title elementor-size-default\">H\u00f4tel quatre \u00e9toiles situ\u00e9 face \u00e0 la mer<\/div>\t\t\t\t<\/div>\n\t\t\t\t<\/div>\n\t\t\t\t\t<\/div>\n\t\t\t\t<\/div>\n\t\t<div class=\"elementor-element elementor-element-366984c e-flex e-con-boxed e-con e-parent\" data-id=\"366984c\" data-element_type=\"container\" data-e-type=\"container\" data-settings=\"{&quot;background_background&quot;:&quot;classic&quot;}\">\n\t\t\t\t\t<div class=\"e-con-inner\">\n\t\t\t\t<div class=\"elementor-element elementor-element-1f26b1d elementor-widget elementor-widget-heading\" data-id=\"1f26b1d\" data-element_type=\"widget\" data-e-type=\"widget\" data-widget_type=\"heading.default\">\n\t\t\t\t<div class=\"elementor-widget-container\">\n\t\t\t\t\t<div class=\"elementor-heading-title elementor-size-default\">au c\u0153ur de la<\/div>\t\t\t\t<\/div>\n\t\t\t\t<\/div>\n\t\t\t\t<div class=\"elementor-element elementor-element-0bb905c elementor-widget elementor-widget-heading\" data-id=\"0bb905c\" data-element_type=\"widget\" data-e-type=\"widget\" data-widget_type=\"heading.default\">\n\t\t\t\t<div class=\"elementor-widget-container\">\n\t\t\t\t\t<div class=\"elementor-heading-title elementor-size-default\">Costa Brava<\/div>\t\t\t\t<\/div>\n\t\t\t\t<\/div>\n\t\t\t\t<div class=\"elementor-element elementor-element-2e50c57 elementor-widget elementor-widget-text-editor\" data-id=\"2e50c57\" data-element_type=\"widget\" data-e-type=\"widget\" data-widget_type=\"text-editor.default\">\n\t\t\t\t<div class=\"elementor-widget-container\">\n\t\t\t\t\t\t\t\t\t<p class=\"font-claude-response-body break-words whitespace-normal\" dir=\"ltr\">L&rsquo;H\u00f4tel Aromar est un h\u00f4tel quatre \u00e9toiles face \u00e0 la mer o\u00f9 l&rsquo;on respire l&rsquo;esprit authentique de la Costa Brava, id\u00e9al pour ceux qui recherchent des vacances en famille, en couple, entre amis ou en groupe sans renoncer aux vues sur la M\u00e9diterran\u00e9e.<\/p><p class=\"font-claude-response-body break-words whitespace-normal\" dir=\"ltr\">Cet h\u00f4tel en front de mer \u00e0 Platja d&rsquo;Aro se trouve juste sur le front de mer de la Platja Gran, l&rsquo;une des plages les mieux not\u00e9es de la c\u00f4te catalane. Fort de plus de 50 ans d&rsquo;exp\u00e9rience et appartenant au groupe Aromar Hotels &amp; Restaurants, vous y trouverez 147 chambres au design moderne et romantique, une piscine ext\u00e9rieure avec vue sur mer, une terrasse et El Bufet Mestral, son restaurant propre, o\u00f9 le produit local est \u00e0 l&rsquo;honneur. Si vous cherchez un h\u00f4tel de charme face \u00e0 la mer sur la Costa Brava, bienvenue \u00e0 l&rsquo;Aromar.<\/p><p class=\"font-claude-response-body break-words whitespace-normal\" dir=\"ltr\">Si c&rsquo;est du divertissement que vous recherchez, le centre de Platja d&rsquo;Aro vous attend \u00e0 quelques pas, avec l&rsquo;une des offres commerciales, de loisirs et d&rsquo;activit\u00e9s les plus riches de la r\u00e9gion. Quel que soit votre programme de vacances, en couple, en famille ou en groupe, l&rsquo;H\u00f4tel Aromar s&rsquo;adapte \u00e0 tous vos besoins.<\/p>\t\t\t\t\t\t\t\t<\/div>\n\t\t\t\t<\/div>\n\t\t\t\t<div class=\"elementor-element elementor-element-b86c4d1 elementor-align-center elementor-widget elementor-widget-button\" data-id=\"b86c4d1\" data-element_type=\"widget\" data-e-type=\"widget\" data-widget_type=\"button.default\">\n\t\t\t\t<div class=\"elementor-widget-container\">\n\t\t\t\t\t\t\t\t\t<div class=\"elementor-button-wrapper\">\n\t\t\t\t\t<a class=\"elementor-button elementor-button-link elementor-size-sm elementor-animation-shrink\" href=\"\/fr\/reserves\/\">\n\t\t\t\t\t\t<span class=\"elementor-button-content-wrapper\">\n\t\t\t\t\t\t\t\t\t<span class=\"elementor-button-text\">R\u00e9servez votre s\u00e9jour<\/span>\n\t\t\t\t\t<\/span>\n\t\t\t\t\t<\/a>\n\t\t\t\t<\/div>\n\t\t\t\t\t\t\t\t<\/div>\n\t\t\t\t<\/div>\n\t\t\t\t\t<\/div>\n\t\t\t\t<\/div>\n\t\t<div class=\"elementor-element elementor-element-d2fb545 e-con-full e-flex e-con e-parent\" data-id=\"d2fb545\" data-element_type=\"container\" data-e-type=\"container\" data-settings=\"{&quot;background_background&quot;:&quot;classic&quot;}\">\n\t\t<div class=\"elementor-element elementor-element-3d45e82 e-con-full e-flex e-con e-child\" data-id=\"3d45e82\" data-element_type=\"container\" data-e-type=\"container\" data-settings=\"{&quot;background_background&quot;:&quot;classic&quot;}\">\n\t\t\t\t<\/div>\n\t\t<div class=\"elementor-element elementor-element-35af9f6 e-con-full e-flex e-con e-child\" data-id=\"35af9f6\" data-element_type=\"container\" data-e-type=\"container\">\n\t\t<div class=\"elementor-element elementor-element-f8e9d41 e-con-full e-flex e-con e-child\" data-id=\"f8e9d41\" data-element_type=\"container\" data-e-type=\"container\">\n\t\t\t\t<div class=\"elementor-element elementor-element-0d7a45d elementor-widget elementor-widget-heading\" data-id=\"0d7a45d\" data-element_type=\"widget\" data-e-type=\"widget\" data-widget_type=\"heading.default\">\n\t\t\t\t<div class=\"elementor-widget-container\">\n\t\t\t\t\t<h1 class=\"elementor-heading-title elementor-size-default\">Un patrimoine naturel unique<\/h1>\t\t\t\t<\/div>\n\t\t\t\t<\/div>\n\t\t\t\t<div class=\"elementor-element elementor-element-a2a4551 elementor-widget elementor-widget-text-editor\" data-id=\"a2a4551\" data-element_type=\"widget\" data-e-type=\"widget\" data-widget_type=\"text-editor.default\">\n\t\t\t\t<div class=\"elementor-widget-container\">\n\t\t\t\t\t\t\t\t\t<p>Avec un patrimoine naturel unique, la Costa Brava est internationalement consid\u00e9r\u00e9e comme l&rsquo;une des plus belles r\u00e9gions d&rsquo;Espagne. Connue pour ses plages et criques de sable dor\u00e9, ses eaux transparentes et ses falaises escarp\u00e9es qui plongent dans la mer, c&rsquo;est une destination parfaite aussi bien pour une escapade romantique que pour des vacances en famille ou entre amis.<\/p><p>La Costa Brava est synonyme de villages de charme au bord de la mer comme Cadaqu\u00e9s et Calella de Palafrugell ou \u00e0 l&rsquo;int\u00e9rieur de l&rsquo;Empord\u00e0 comme Pals ou Peratallada. \u00c9galement de destinations de loisirs et de shopping comme Platja d&rsquo;Aro.<\/p><p>La Costa Brava est en outre id\u00e9ale pour les amateurs de sport, car on peut y pratiquer la randonn\u00e9e sur les chemins de ronde, le cyclisme, le golf et toutes sortes d&rsquo;activit\u00e9s aquatiques comme la plong\u00e9e ou la voile.<\/p><p>Le temps sur la Costa Brava est id\u00e9al toute l&rsquo;ann\u00e9e, avec des hivers courts et doux et de longs \u00e9t\u00e9s aux temp\u00e9ratures parfaites pour des vacances \u00e0 la plage.<\/p>\t\t\t\t\t\t\t\t<\/div>\n\t\t\t\t<\/div>\n\t\t\t\t<\/div>\n\t\t\t\t<\/div>\n\t\t\t\t<\/div>\n\t\t<div class=\"elementor-element elementor-element-ee7ce10 e-con-full e-flex e-con e-parent\" data-id=\"ee7ce10\" data-element_type=\"container\" data-e-type=\"container\" data-settings=\"{&quot;background_background&quot;:&quot;classic&quot;}\">\n\t\t<div class=\"elementor-element elementor-element-dbdcab9 e-con-full e-flex e-con e-child\" data-id=\"dbdcab9\" data-element_type=\"container\" data-e-type=\"container\">\n\t\t<div class=\"elementor-element elementor-element-3b24e13 e-con-full e-flex e-con e-child\" data-id=\"3b24e13\" data-element_type=\"container\" data-e-type=\"container\">\n\t\t\t\t<div class=\"elementor-element elementor-element-c1c2c73 elementor-widget elementor-widget-heading\" data-id=\"c1c2c73\" data-element_type=\"widget\" data-e-type=\"widget\" data-widget_type=\"heading.default\">\n\t\t\t\t<div class=\"elementor-widget-container\">\n\t\t\t\t\t<h1 class=\"elementor-heading-title elementor-size-default\">Au c\u0153ur de la Costa Brava<\/h1>\t\t\t\t<\/div>\n\t\t\t\t<\/div>\n\t\t\t\t<div class=\"elementor-element elementor-element-b30150a elementor-widget elementor-widget-text-editor\" data-id=\"b30150a\" data-element_type=\"widget\" data-e-type=\"widget\" data-widget_type=\"text-editor.default\">\n\t\t\t\t<div class=\"elementor-widget-container\">\n\t\t\t\t\t\t\t\t\t<p>Platja d&rsquo;Aro est situ\u00e9e au c\u0153ur de la Costa Brava. C&rsquo;\u00e9tait \u00e0 l&rsquo;origine un petit village de p\u00eacheurs \u00e0 c\u00f4t\u00e9 d&rsquo;une plage de 2 km entre Palam\u00f3s et Sant Feliu de Gu\u00edxols.<\/p><p>Aujourd&rsquo;hui, c&rsquo;est une destination baln\u00e9aire populaire avec une grande diversit\u00e9 de criques cach\u00e9es de sable fin, des vues spectaculaires et une eau cristalline.<\/p><p>En vous promenant dans Platja d&rsquo;Aro, vous d\u00e9couvrirez \u00e9galement une multitude de boutiques, restaurants et terrasses o\u00f9 faire du shopping et go\u00fbter la gastronomie locale.<\/p><p>Platja d&rsquo;Aro, c&rsquo;est la mer, la nature, les loisirs, le shopping, la gastronomie et bien plus encore \u00e0 savourer en couple, entre amis ou en famille.<\/p><p>En effet, la Generalitat de Catalunya lui a d\u00e9cern\u00e9 le titre de \u00ab Destination de Tourisme Familial \u00bb.<\/p>\t\t\t\t\t\t\t\t<\/div>\n\t\t\t\t<\/div>\n\t\t\t\t<\/div>\n\t\t\t\t<\/div>\n\t\t<div class=\"elementor-element elementor-element-3de2c08 e-con-full e-flex e-con e-child\" data-id=\"3de2c08\" data-element_type=\"container\" data-e-type=\"container\" data-settings=\"{&quot;background_background&quot;:&quot;classic&quot;}\">\n\t\t\t\t<\/div>\n\t\t\t\t<\/div>\n\t\t<div class=\"elementor-element elementor-element-793c116 e-con-full e-flex e-con e-parent\" data-id=\"793c116\" data-element_type=\"container\" data-e-type=\"container\">\n\t\t\t\t<div class=\"elementor-element elementor-element-bc747e7 elementor-widget elementor-widget-template\" data-id=\"bc747e7\" data-element_type=\"widget\" data-e-type=\"widget\" data-widget_type=\"template.default\">\n\t\t\t\t<div class=\"elementor-widget-container\">\n\t\t\t\t\t\t\t<div class=\"elementor-template\">\n\t\t\t\t\t<div data-elementor-type=\"container\" data-elementor-id=\"9306\" class=\"elementor elementor-9306 elementor-8515 elementor-8515\" data-elementor-post-type=\"elementor_library\">\n\t\t\t\t<div class=\"elementor-element elementor-element-7010090 e-flex e-con-boxed e-con e-parent\" data-id=\"7010090\" data-element_type=\"container\" data-e-type=\"container\" data-settings=\"{&quot;background_background&quot;:&quot;classic&quot;}\">\n\t\t\t\t\t<div class=\"e-con-inner\">\n\t\t\t\t<div class=\"elementor-element elementor-element-0838a3f elementor-widget elementor-widget-heading\" data-id=\"0838a3f\" data-element_type=\"widget\" data-e-type=\"widget\" data-widget_type=\"heading.default\">\n\t\t\t\t<div class=\"elementor-widget-container\">\n\t\t\t\t\t<div class=\"elementor-heading-title elementor-size-default\">Avantages de r\u00e9server sur le site<\/div>\t\t\t\t<\/div>\n\t\t\t\t<\/div>\n\t\t<div class=\"elementor-element elementor-element-0f2eaef e-con-full e-flex e-con e-child\" data-id=\"0f2eaef\" data-element_type=\"container\" data-e-type=\"container\">\n\t\t\t\t<div class=\"elementor-element elementor-element-c732488 elementor-widget-mobile__width-initial elementor-view-default elementor-position-block-start elementor-mobile-position-block-start elementor-widget elementor-widget-icon-box\" data-id=\"c732488\" data-element_type=\"widget\" data-e-type=\"widget\" data-widget_type=\"icon-box.default\">\n\t\t\t\t<div class=\"elementor-widget-container\">\n\t\t\t\t\t\t\t<div class=\"elementor-icon-box-wrapper\">\n\n\t\t\t\t\t\t<div class=\"elementor-icon-box-icon\">\n\t\t\t\t<span  class=\"elementor-icon\">\n\t\t\t\t<svg xmlns=\"http:\/\/www.w3.org\/2000\/svg\" height=\"24\" viewBox=\"0 -960 960 960\" width=\"24\"><path d=\"M480-150q-21 0-35.5-14.5T430-200q0-21 14.5-35.5T480-250q21 0 35.5 14.5T530-200q0 21-14.5 35.5T480-150ZM254-346l-28-28q50-50 114.666-78t139.5-28Q555-480 619.5-452T734-374l-28 28q-44-44-102-69t-124-25q-66 0-124 25t-102 69ZM84-516l-28-28q81-81 189-128.5T480-720q127 0 235 47.5T904-544l-28 28q-77-77-178.5-120.5T480-680q-116 0-217.5 43.5T84-516Z\"><\/path><\/svg>\t\t\t\t<\/span>\n\t\t\t<\/div>\n\t\t\t\n\t\t\t\t\t\t<div class=\"elementor-icon-box-content\">\n\n\t\t\t\t\t\t\t\t\t<h3 class=\"elementor-icon-box-title\">\n\t\t\t\t\t\t<span  >\n\t\t\t\t\t\t\tWi-Fi gratuit\t\t\t\t\t\t<\/span>\n\t\t\t\t\t<\/h3>\n\t\t\t\t\n\t\t\t\t\n\t\t\t<\/div>\n\t\t\t\n\t\t<\/div>\n\t\t\t\t\t\t<\/div>\n\t\t\t\t<\/div>\n\t\t\t\t<div class=\"elementor-element elementor-element-95e4e74 elementor-widget-mobile__width-initial elementor-view-default elementor-position-block-start elementor-mobile-position-block-start elementor-widget elementor-widget-icon-box\" data-id=\"95e4e74\" data-element_type=\"widget\" data-e-type=\"widget\" data-widget_type=\"icon-box.default\">\n\t\t\t\t<div class=\"elementor-widget-container\">\n\t\t\t\t\t\t\t<div class=\"elementor-icon-box-wrapper\">\n\n\t\t\t\t\t\t<div class=\"elementor-icon-box-icon\">\n\t\t\t\t<span  class=\"elementor-icon\">\n\t\t\t\t<svg xmlns=\"http:\/\/www.w3.org\/2000\/svg\" height=\"24px\" viewBox=\"0 -960 960 960\" width=\"24px\" fill=\"#000000\"><path d=\"M292-172v-616h228q77 0 132.5 55.5T708-600q0 77-55.5 132.5T520-412H348v240h-56Zm56-296h172q54 0 93-39t39-93q0-54-39-93t-93-39H348v264Z\"><\/path><\/svg>\t\t\t\t<\/span>\n\t\t\t<\/div>\n\t\t\t\n\t\t\t\t\t\t<div class=\"elementor-icon-box-content\">\n\n\t\t\t\t\t\t\t\t\t<h3 class=\"elementor-icon-box-title\">\n\t\t\t\t\t\t<span  >\n\t\t\t\t\t\t\tParking\t\t\t\t\t\t<\/span>\n\t\t\t\t\t<\/h3>\n\t\t\t\t\n\t\t\t\t\n\t\t\t<\/div>\n\t\t\t\n\t\t<\/div>\n\t\t\t\t\t\t<\/div>\n\t\t\t\t<\/div>\n\t\t\t\t<div class=\"elementor-element elementor-element-4fd5e30 elementor-widget-mobile__width-initial elementor-view-default elementor-position-block-start elementor-mobile-position-block-start elementor-widget elementor-widget-icon-box\" data-id=\"4fd5e30\" data-element_type=\"widget\" data-e-type=\"widget\" data-widget_type=\"icon-box.default\">\n\t\t\t\t<div class=\"elementor-widget-container\">\n\t\t\t\t\t\t\t<div class=\"elementor-icon-box-wrapper\">\n\n\t\t\t\t\t\t<div class=\"elementor-icon-box-icon\">\n\t\t\t\t<span  class=\"elementor-icon\">\n\t\t\t\t<svg xmlns=\"http:\/\/www.w3.org\/2000\/svg\" height=\"24px\" viewBox=\"0 -960 960 960\" width=\"24px\" fill=\"#000000\"><path d=\"m354-287 126-76 126 77-33-144 111-96-146-13-58-136-58 135-146 13 111 97-33 143Zm-61 83.92 49.62-212.54-164.93-142.84 217.23-18.85L480-777.69l85.08 200.38 217.23 18.85-164.93 142.84L667-203.08 480-315.92 293-203.08ZM480-470Z\"><\/path><\/svg>\t\t\t\t<\/span>\n\t\t\t<\/div>\n\t\t\t\n\t\t\t\t\t\t<div class=\"elementor-icon-box-content\">\n\n\t\t\t\t\t\t\t\t\t<h3 class=\"elementor-icon-box-title\">\n\t\t\t\t\t\t<span  >\n\t\t\t\t\t\t\tMeilleur tarif\t\t\t\t\t\t<\/span>\n\t\t\t\t\t<\/h3>\n\t\t\t\t\n\t\t\t\t\n\t\t\t<\/div>\n\t\t\t\n\t\t<\/div>\n\t\t\t\t\t\t<\/div>\n\t\t\t\t<\/div>\n\t\t\t\t<div class=\"elementor-element elementor-element-bcd34ad elementor-widget-mobile__width-initial elementor-view-default elementor-position-block-start elementor-mobile-position-block-start elementor-widget elementor-widget-icon-box\" data-id=\"bcd34ad\" data-element_type=\"widget\" data-e-type=\"widget\" data-widget_type=\"icon-box.default\">\n\t\t\t\t<div class=\"elementor-widget-container\">\n\t\t\t\t\t\t\t<div class=\"elementor-icon-box-wrapper\">\n\n\t\t\t\t\t\t<div class=\"elementor-icon-box-icon\">\n\t\t\t\t<span  class=\"elementor-icon\">\n\t\t\t\t<svg xmlns=\"http:\/\/www.w3.org\/2000\/svg\" height=\"24\" viewBox=\"0 -960 960 960\" width=\"24\"><path d=\"M828-688v416q0 26-17 43t-43 17H192q-26 0-43-17t-17-43v-416q0-26 17-43t43-17h576q26 0 43 17t17 43Zm-668 90h640v-90q0-12-10-22t-22-10H192q-12 0-22 10t-10 22v90Zm0 76v250q0 12 10 22t22 10h576q12 0 22-10t10-22v-250H160Zm0 282v-480 480Z\"><\/path><\/svg>\t\t\t\t<\/span>\n\t\t\t<\/div>\n\t\t\t\n\t\t\t\t\t\t<div class=\"elementor-icon-box-content\">\n\n\t\t\t\t\t\t\t\t\t<h3 class=\"elementor-icon-box-title\">\n\t\t\t\t\t\t<span  >\n\t\t\t\t\t\t\tPaiement \u00e0 l'h\u00f4tel\t\t\t\t\t\t<\/span>\n\t\t\t\t\t<\/h3>\n\t\t\t\t\n\t\t\t\t\n\t\t\t<\/div>\n\t\t\t\n\t\t<\/div>\n\t\t\t\t\t\t<\/div>\n\t\t\t\t<\/div>\n\t\t\t\t<\/div>\n\t\t\t\t\t<\/div>\n\t\t\t\t<\/div>\n\t\t\t\t<\/div>\n\t\t\t\t<\/div>\n\t\t\t\t\t\t<\/div>\n\t\t\t\t<\/div>\n\t\t\t\t<\/div>\n\t\t\t\t<\/div>\n\t\t","protected":false},"excerpt":{"rendered":"<p>L&rsquo;h\u00f4tel Aromar H\u00f4tel quatre \u00e9toiles situ\u00e9 face \u00e0 la mer au c\u0153ur de la Costa Brava L&rsquo;H\u00f4tel Aromar est un h\u00f4tel quatre \u00e9toiles face \u00e0 la mer o\u00f9 l&rsquo;on respire l&rsquo;esprit authentique de la Costa Brava, id\u00e9al pour ceux qui recherchent des vacances en famille, en couple, entre amis ou en groupe sans renoncer aux&hellip;&nbsp;<\/p>\n","protected":false},"author":1,"featured_media":0,"parent":0,"menu_order":0,"comment_status":"closed","ping_status":"closed","template":"elementor_header_footer","meta":{"_acf_changed":false,"neve_meta_sidebar":"","neve_meta_container":"","neve_meta_enable_content_width":"","neve_meta_content_width":0,"neve_meta_title_alignment":"","neve_meta_author_avatar":"","neve_post_elements_order":"","neve_meta_disable_header":"","neve_meta_disable_footer":"","neve_meta_disable_title":"","neve_meta_reading_time":"","footnotes":""},"class_list":["post-8173","page","type-page","status-publish","hentry"],"acf":[],"yoast_head":"<!-- This site is optimized with the Yoast SEO plugin v28.4 - https:\/\/yoast.com\/product\/yoast-seo-wordpress\/ -->\n<title>H\u00f4tel avec vue sur la mer \u00e0 Playa de Aro - Costa Brava | Hotel Aromar<\/title>\n<meta name=\"description\" content=\"Pr\u00eat pour vos vacances sur la Costa Brava? Profitez de l&#039;h\u00f4tel Aromar \u00e0 Playa de Aro. H\u00f4tel 4 \u00e9toiles, romantique et moderne, directement sur le front de mer\" \/>\n<meta name=\"robots\" content=\"index, follow, max-snippet:-1, max-image-preview:large, max-video-preview:-1\" \/>\n<link rel=\"canonical\" href=\"https:\/\/www.hotelaromar.com\/fr\/hotel\/\" \/>\n<meta property=\"og:locale\" content=\"fr_FR\" \/>\n<meta property=\"og:type\" content=\"article\" \/>\n<meta property=\"og:title\" content=\"H\u00f4tel avec vue sur la mer \u00e0 Playa de Aro - Costa Brava | Hotel Aromar\" \/>\n<meta property=\"og:description\" content=\"Pr\u00eat pour vos vacances sur la Costa Brava? Profitez de l&#039;h\u00f4tel Aromar \u00e0 Playa de Aro. H\u00f4tel 4 \u00e9toiles, romantique et moderne, directement sur le front de mer\" \/>\n<meta property=\"og:url\" content=\"https:\/\/www.hotelaromar.com\/fr\/hotel\/\" \/>\n<meta property=\"og:site_name\" content=\"Hotel Aromar\" \/>\n<meta property=\"article:publisher\" content=\"https:\/\/www.facebook.com\/hotelaromar.platjadaro\/\" \/>\n<meta property=\"article:modified_time\" content=\"2026-08-27T09:02:26+00:00\" \/>\n<meta property=\"og:image\" content=\"https:\/\/www.hotelaromar.com\/wp-content\/uploads\/2024\/04\/Aromar.jpg\" \/>\n\t<meta property=\"og:image:width\" content=\"1200\" \/>\n\t<meta property=\"og:image:height\" content=\"675\" \/>\n\t<meta property=\"og:image:type\" content=\"image\/jpeg\" \/>\n<meta name=\"twitter:card\" content=\"summary_large_image\" \/>\n<meta name=\"twitter:label1\" content=\"Dur\u00e9e de lecture estim\u00e9e\" \/>\n\t<meta name=\"twitter:data1\" content=\"3 minutes\" \/>\n<script type=\"application\/ld+json\" class=\"yoast-schema-graph\">{\"@context\":\"https:\\\/\\\/schema.org\",\"@graph\":[{\"@type\":\"WebPage\",\"@id\":\"https:\\\/\\\/www.hotelaromar.com\\\/fr\\\/hotel\\\/\",\"url\":\"https:\\\/\\\/www.hotelaromar.com\\\/fr\\\/hotel\\\/\",\"name\":\"H\u00f4tel avec vue sur la mer \u00e0 Playa de Aro - Costa Brava | Hotel Aromar\",\"isPartOf\":{\"@id\":\"https:\\\/\\\/www.hotelaromar.com\\\/fr\\\/#website\"},\"datePublished\":\"2026-07-06T07:30:44+00:00\",\"dateModified\":\"2026-08-27T09:02:26+00:00\",\"description\":\"Pr\u00eat pour vos vacances sur la Costa Brava? Profitez de l'h\u00f4tel Aromar \u00e0 Playa de Aro. H\u00f4tel 4 \u00e9toiles, romantique et moderne, directement sur le front de mer\",\"breadcrumb\":{\"@id\":\"https:\\\/\\\/www.hotelaromar.com\\\/fr\\\/hotel\\\/#breadcrumb\"},\"inLanguage\":\"fr-FR\",\"potentialAction\":[{\"@type\":\"ReadAction\",\"target\":[\"https:\\\/\\\/www.hotelaromar.com\\\/fr\\\/hotel\\\/\"]}]},{\"@type\":\"BreadcrumbList\",\"@id\":\"https:\\\/\\\/www.hotelaromar.com\\\/fr\\\/hotel\\\/#breadcrumb\",\"itemListElement\":[{\"@type\":\"ListItem\",\"position\":1,\"name\":\"Portada\",\"item\":\"https:\\\/\\\/www.hotelaromar.com\\\/fr\\\/\"},{\"@type\":\"ListItem\",\"position\":2,\"name\":\"L&#8217;H\u00d4TEL AROMAR\"}]},{\"@type\":\"WebSite\",\"@id\":\"https:\\\/\\\/www.hotelaromar.com\\\/fr\\\/#website\",\"url\":\"https:\\\/\\\/www.hotelaromar.com\\\/fr\\\/\",\"name\":\"Aromar Hotels & Restaurants\",\"description\":\"La teva llar mediterr\u00e0nia davant del mar\",\"publisher\":{\"@id\":\"https:\\\/\\\/www.hotelaromar.com\\\/fr\\\/#organization\"},\"alternateName\":\"Aromar Hotels & Restaurants\",\"potentialAction\":[{\"@type\":\"SearchAction\",\"target\":{\"@type\":\"EntryPoint\",\"urlTemplate\":\"https:\\\/\\\/www.hotelaromar.com\\\/fr\\\/?s={search_term_string}\"},\"query-input\":{\"@type\":\"PropertyValueSpecification\",\"valueRequired\":true,\"valueName\":\"search_term_string\"}}],\"inLanguage\":\"fr-FR\"},{\"@type\":\"Organization\",\"@id\":\"https:\\\/\\\/www.hotelaromar.com\\\/fr\\\/#organization\",\"name\":\"Hotel Aromar\",\"alternateName\":\"Aromar Hotels\",\"url\":\"https:\\\/\\\/www.hotelaromar.com\\\/fr\\\/\",\"logo\":{\"@type\":\"ImageObject\",\"inLanguage\":\"fr-FR\",\"@id\":\"https:\\\/\\\/www.hotelaromar.com\\\/fr\\\/#\\\/schema\\\/logo\\\/image\\\/\",\"url\":\"https:\\\/\\\/www.hotelaromar.com\\\/wp-content\\\/uploads\\\/2026\\\/08\\\/favicon-aromar.png\",\"contentUrl\":\"https:\\\/\\\/www.hotelaromar.com\\\/wp-content\\\/uploads\\\/2026\\\/08\\\/favicon-aromar.png\",\"width\":512,\"height\":512,\"caption\":\"Hotel Aromar\"},\"image\":{\"@id\":\"https:\\\/\\\/www.hotelaromar.com\\\/fr\\\/#\\\/schema\\\/logo\\\/image\\\/\"},\"sameAs\":[\"https:\\\/\\\/www.facebook.com\\\/hotelaromar.platjadaro\\\/\",\"https:\\\/\\\/www.instagram.com\\\/hotelaromar\\\/\",\"https:\\\/\\\/www.tiktok.com\\\/@aromarhotels\",\"https:\\\/\\\/www.linkedin.com\\\/company\\\/grup-aromar\\\/about\\\/\"]}]}<\/script>\n<!-- \/ Yoast SEO plugin. -->","yoast_head_json":{"title":"H\u00f4tel avec vue sur la mer \u00e0 Playa de Aro - Costa Brava | Hotel Aromar","description":"Pr\u00eat pour vos vacances sur la Costa Brava? Profitez de l'h\u00f4tel Aromar \u00e0 Playa de Aro. H\u00f4tel 4 \u00e9toiles, romantique et moderne, directement sur le front de mer","robots":{"index":"index","follow":"follow","max-snippet":"max-snippet:-1","max-image-preview":"max-image-preview:large","max-video-preview":"max-video-preview:-1"},"canonical":"https:\/\/www.hotelaromar.com\/fr\/hotel\/","og_locale":"fr_FR","og_type":"article","og_title":"H\u00f4tel avec vue sur la mer \u00e0 Playa de Aro - Costa Brava | Hotel Aromar","og_description":"Pr\u00eat pour vos vacances sur la Costa Brava? Profitez de l'h\u00f4tel Aromar \u00e0 Playa de Aro. H\u00f4tel 4 \u00e9toiles, romantique et moderne, directement sur le front de mer","og_url":"https:\/\/www.hotelaromar.com\/fr\/hotel\/","og_site_name":"Hotel Aromar","article_publisher":"https:\/\/www.facebook.com\/hotelaromar.platjadaro\/","article_modified_time":"2026-08-27T09:02:26+00:00","og_image":[{"width":1200,"height":675,"url":"https:\/\/www.hotelaromar.com\/wp-content\/uploads\/2024\/04\/Aromar.jpg","type":"image\/jpeg"}],"twitter_card":"summary_large_image","twitter_misc":{"Dur\u00e9e de lecture estim\u00e9e":"3 minutes"},"schema":{"@context":"https:\/\/schema.org","@graph":[{"@type":"WebPage","@id":"https:\/\/www.hotelaromar.com\/fr\/hotel\/","url":"https:\/\/www.hotelaromar.com\/fr\/hotel\/","name":"H\u00f4tel avec vue sur la mer \u00e0 Playa de Aro - Costa Brava | Hotel Aromar","isPartOf":{"@id":"https:\/\/www.hotelaromar.com\/fr\/#website"},"datePublished":"2026-07-06T07:30:44+00:00","dateModified":"2026-08-27T09:02:26+00:00","description":"Pr\u00eat pour vos vacances sur la Costa Brava? Profitez de l'h\u00f4tel Aromar \u00e0 Playa de Aro. H\u00f4tel 4 \u00e9toiles, romantique et moderne, directement sur le front de mer","breadcrumb":{"@id":"https:\/\/www.hotelaromar.com\/fr\/hotel\/#breadcrumb"},"inLanguage":"fr-FR","potentialAction":[{"@type":"ReadAction","target":["https:\/\/www.hotelaromar.com\/fr\/hotel\/"]}]},{"@type":"BreadcrumbList","@id":"https:\/\/www.hotelaromar.com\/fr\/hotel\/#breadcrumb","itemListElement":[{"@type":"ListItem","position":1,"name":"Portada","item":"https:\/\/www.hotelaromar.com\/fr\/"},{"@type":"ListItem","position":2,"name":"L&#8217;H\u00d4TEL AROMAR"}]},{"@type":"WebSite","@id":"https:\/\/www.hotelaromar.com\/fr\/#website","url":"https:\/\/www.hotelaromar.com\/fr\/","name":"Aromar Hotels & Restaurants","description":"La teva llar mediterr\u00e0nia davant del mar","publisher":{"@id":"https:\/\/www.hotelaromar.com\/fr\/#organization"},"alternateName":"Aromar Hotels & Restaurants","potentialAction":[{"@type":"SearchAction","target":{"@type":"EntryPoint","urlTemplate":"https:\/\/www.hotelaromar.com\/fr\/?s={search_term_string}"},"query-input":{"@type":"PropertyValueSpecification","valueRequired":true,"valueName":"search_term_string"}}],"inLanguage":"fr-FR"},{"@type":"Organization","@id":"https:\/\/www.hotelaromar.com\/fr\/#organization","name":"Hotel Aromar","alternateName":"Aromar Hotels","url":"https:\/\/www.hotelaromar.com\/fr\/","logo":{"@type":"ImageObject","inLanguage":"fr-FR","@id":"https:\/\/www.hotelaromar.com\/fr\/#\/schema\/logo\/image\/","url":"https:\/\/www.hotelaromar.com\/wp-content\/uploads\/2026\/08\/favicon-aromar.png","contentUrl":"https:\/\/www.hotelaromar.com\/wp-content\/uploads\/2026\/08\/favicon-aromar.png","width":512,"height":512,"caption":"Hotel Aromar"},"image":{"@id":"https:\/\/www.hotelaromar.com\/fr\/#\/schema\/logo\/image\/"},"sameAs":["https:\/\/www.facebook.com\/hotelaromar.platjadaro\/","https:\/\/www.instagram.com\/hotelaromar\/","https:\/\/www.tiktok.com\/@aromarhotels","https:\/\/www.linkedin.com\/company\/grup-aromar\/about\/"]}]}},"_links":{"self":[{"href":"https:\/\/www.hotelaromar.com\/fr\/wp-json\/wp\/v2\/pages\/8173","targetHints":{"allow":["GET"]}}],"collection":[{"href":"https:\/\/www.hotelaromar.com\/fr\/wp-json\/wp\/v2\/pages"}],"about":[{"href":"https:\/\/www.hotelaromar.com\/fr\/wp-json\/wp\/v2\/types\/page"}],"author":[{"embeddable":true,"href":"https:\/\/www.hotelaromar.com\/fr\/wp-json\/wp\/v2\/users\/1"}],"replies":[{"embeddable":true,"href":"https:\/\/www.hotelaromar.com\/fr\/wp-json\/wp\/v2\/comments?post=8173"}],"version-history":[{"count":10,"href":"https:\/\/www.hotelaromar.com\/fr\/wp-json\/wp\/v2\/pages\/8173\/revisions"}],"predecessor-version":[{"id":10241,"href":"https:\/\/www.hotelaromar.com\/fr\/wp-json\/wp\/v2\/pages\/8173\/revisions\/10241"}],"wp:attachment":[{"href":"https:\/\/www.hotelaromar.com\/fr\/wp-json\/wp\/v2\/media?parent=8173"}],"curies":[{"name":"wp","href":"https:\/\/api.w.org\/{rel}","templated":true}]}}