{"id":8242,"date":"2026-07-06T10:23:21","date_gmt":"2026-07-06T08:23:21","guid":{"rendered":"https:\/\/www.hotelaromar.com\/services-3\/"},"modified":"2026-08-21T10:59:50","modified_gmt":"2026-08-21T08:59:50","slug":"services","status":"publish","type":"page","link":"https:\/\/www.hotelaromar.com\/fr\/services\/","title":{"rendered":"Services"},"content":{"rendered":"\t\t<div data-elementor-type=\"wp-page\" data-elementor-id=\"8242\" class=\"elementor elementor-8242 elementor-8239\" data-elementor-post-type=\"page\">\n\t\t\t\t<div class=\"elementor-element elementor-element-da96855 e-flex e-con-boxed e-con e-parent\" data-id=\"da96855\" data-element_type=\"container\" data-e-type=\"container\" data-settings=\"{&quot;background_background&quot;:&quot;classic&quot;}\">\n\t\t\t\t\t<div class=\"e-con-inner\">\n\t\t\t\t<div class=\"elementor-element elementor-element-39fa80d elementor-widget elementor-widget-heading\" data-id=\"39fa80d\" data-element_type=\"widget\" data-e-type=\"widget\" data-widget_type=\"heading.default\">\n\t\t\t\t<div class=\"elementor-widget-container\">\n\t\t\t\t\t<h2 class=\"elementor-heading-title elementor-size-default\">L'h\u00f4tel<\/h2>\t\t\t\t<\/div>\n\t\t\t\t<\/div>\n\t\t\t\t<div class=\"elementor-element elementor-element-4586922 elementor-widget elementor-widget-heading\" data-id=\"4586922\" data-element_type=\"widget\" data-e-type=\"widget\" data-widget_type=\"heading.default\">\n\t\t\t\t<div class=\"elementor-widget-container\">\n\t\t\t\t\t<h1 class=\"elementor-heading-title elementor-size-default\">Services<\/h1>\t\t\t\t<\/div>\n\t\t\t\t<\/div>\n\t\t\t\t\t<\/div>\n\t\t\t\t<\/div>\n\t\t<div class=\"elementor-element elementor-element-37dd0f0 e-con-full e-flex e-con e-parent\" data-id=\"37dd0f0\" data-element_type=\"container\" data-e-type=\"container\">\n\t\t<div class=\"elementor-element elementor-element-bd2d0bc e-con-full e-flex e-con e-child\" data-id=\"bd2d0bc\" data-element_type=\"container\" data-e-type=\"container\" data-settings=\"{&quot;background_background&quot;:&quot;classic&quot;}\">\n\t\t\t\t<\/div>\n\t\t<div class=\"elementor-element elementor-element-42dc658 e-con-full e-flex e-con e-child\" data-id=\"42dc658\" data-element_type=\"container\" data-e-type=\"container\">\n\t\t<div class=\"elementor-element elementor-element-1befdea e-con-full e-flex e-con e-child\" data-id=\"1befdea\" data-element_type=\"container\" data-e-type=\"container\">\n\t\t\t\t<div class=\"elementor-element elementor-element-7203f03 elementor-widget elementor-widget-heading\" data-id=\"7203f03\" data-element_type=\"widget\" data-e-type=\"widget\" data-widget_type=\"heading.default\">\n\t\t\t\t<div class=\"elementor-widget-container\">\n\t\t\t\t\t<div class=\"elementor-heading-title elementor-size-default\">Recharge de v\u00e9hicules \u00e9lectriques<\/div>\t\t\t\t<\/div>\n\t\t\t\t<\/div>\n\t\t\t\t<div class=\"elementor-element elementor-element-ed6fa6e elementor-widget elementor-widget-text-editor\" data-id=\"ed6fa6e\" data-element_type=\"widget\" data-e-type=\"widget\" data-widget_type=\"text-editor.default\">\n\t\t\t\t<div class=\"elementor-widget-container\">\n\t\t\t\t\t\t\t\t\t<p>Point de recharge pour voitures \u00e9lectriques r\u00e9serv\u00e9 aux clients. Consulter les tarifs \u00e0 la r\u00e9ception.<\/p>\t\t\t\t\t\t\t\t<\/div>\n\t\t\t\t<\/div>\n\t\t\t\t<\/div>\n\t\t\t\t<\/div>\n\t\t\t\t<\/div>\n\t\t<div class=\"elementor-element elementor-element-c579bb5 e-con-full e-flex e-con e-parent\" data-id=\"c579bb5\" data-element_type=\"container\" data-e-type=\"container\">\n\t\t<div class=\"elementor-element elementor-element-a0e5e55 e-con-full e-flex e-con e-child\" data-id=\"a0e5e55\" data-element_type=\"container\" data-e-type=\"container\">\n\t\t<div class=\"elementor-element elementor-element-38ff3ac e-con-full e-flex e-con e-child\" data-id=\"38ff3ac\" data-element_type=\"container\" data-e-type=\"container\">\n\t\t\t\t<div class=\"elementor-element elementor-element-e66e907 elementor-widget elementor-widget-heading\" data-id=\"e66e907\" data-element_type=\"widget\" data-e-type=\"widget\" data-widget_type=\"heading.default\">\n\t\t\t\t<div class=\"elementor-widget-container\">\n\t\t\t\t\t<div class=\"elementor-heading-title elementor-size-default\">Parking<\/div>\t\t\t\t<\/div>\n\t\t\t\t<\/div>\n\t\t\t\t<div class=\"elementor-element elementor-element-4383d33 elementor-widget elementor-widget-text-editor\" data-id=\"4383d33\" data-element_type=\"widget\" data-e-type=\"widget\" data-widget_type=\"text-editor.default\">\n\t\t\t\t<div class=\"elementor-widget-container\">\n\t\t\t\t\t\t\t\t\t<p>Nous disposons d&rsquo;un garage ferm\u00e9 d&rsquo;une capacit\u00e9 de 14 v\u00e9hicules, compl\u00e9t\u00e9 par un parking priv\u00e9 ext\u00e9rieur de 94 places, tous deux \u00e9quip\u00e9s d&rsquo;un syst\u00e8me de vid\u00e9osurveillance 24h\/24 et 7j\/7. L&rsquo;ensemble comprend \u00e9galement 5 places r\u00e9serv\u00e9es aux personnes \u00e0 mobilit\u00e9 r\u00e9duite, conform\u00e9ment \u00e0 la r\u00e9glementation en vigueur en mati\u00e8re d&rsquo;accessibilit\u00e9.<\/p>\t\t\t\t\t\t\t\t<\/div>\n\t\t\t\t<\/div>\n\t\t\t\t<div class=\"elementor-element elementor-element-f9ef0b2 elementor-align-left elementor-widget elementor-widget-button\" data-id=\"f9ef0b2\" data-element_type=\"widget\" data-e-type=\"widget\" data-widget_type=\"button.default\">\n\t\t\t\t<div class=\"elementor-widget-container\">\n\t\t\t\t\t\t\t\t\t<div class=\"elementor-button-wrapper\">\n\t\t\t\t\t<a class=\"elementor-button elementor-button-link elementor-size-sm elementor-animation-shrink\" href=\"https:\/\/www.hotelaromar.com\/fr\/services\/parking-3\/\">\n\t\t\t\t\t\t<span class=\"elementor-button-content-wrapper\">\n\t\t\t\t\t\t\t\t\t<span class=\"elementor-button-text\">Plus d'informations<\/span>\n\t\t\t\t\t<\/span>\n\t\t\t\t\t<\/a>\n\t\t\t\t<\/div>\n\t\t\t\t\t\t\t\t<\/div>\n\t\t\t\t<\/div>\n\t\t\t\t<\/div>\n\t\t\t\t<\/div>\n\t\t<div class=\"elementor-element elementor-element-5f8b21e e-con-full e-flex e-con e-child\" data-id=\"5f8b21e\" data-element_type=\"container\" data-e-type=\"container\" data-settings=\"{&quot;background_background&quot;:&quot;classic&quot;}\">\n\t\t\t\t<\/div>\n\t\t\t\t<\/div>\n\t\t<div class=\"elementor-element elementor-element-6e0328a e-con-full e-flex e-con e-parent\" data-id=\"6e0328a\" data-element_type=\"container\" data-e-type=\"container\">\n\t\t<div class=\"elementor-element elementor-element-348f04d e-con-full e-flex e-con e-child\" data-id=\"348f04d\" data-element_type=\"container\" data-e-type=\"container\" data-settings=\"{&quot;background_background&quot;:&quot;classic&quot;}\">\n\t\t\t\t<\/div>\n\t\t<div class=\"elementor-element elementor-element-9d2af12 e-con-full e-flex e-con e-child\" data-id=\"9d2af12\" data-element_type=\"container\" data-e-type=\"container\">\n\t\t<div class=\"elementor-element elementor-element-3fc765c e-con-full e-flex e-con e-child\" data-id=\"3fc765c\" data-element_type=\"container\" data-e-type=\"container\">\n\t\t\t\t<div class=\"elementor-element elementor-element-8f68ee2 elementor-widget elementor-widget-heading\" data-id=\"8f68ee2\" data-element_type=\"widget\" data-e-type=\"widget\" data-widget_type=\"heading.default\">\n\t\t\t\t<div class=\"elementor-widget-container\">\n\t\t\t\t\t<div class=\"elementor-heading-title elementor-size-default\">\u00c9v\u00e9nements<\/div>\t\t\t\t<\/div>\n\t\t\t\t<\/div>\n\t\t\t\t<div class=\"elementor-element elementor-element-04b3219 elementor-widget elementor-widget-text-editor\" data-id=\"04b3219\" data-element_type=\"widget\" data-e-type=\"widget\" data-widget_type=\"text-editor.default\">\n\t\t\t\t<div class=\"elementor-widget-container\">\n\t\t\t\t\t\t\t\t\t<p>L&rsquo;H\u00f4tel Aromar dispose de la Sala Niebla, un espace priv\u00e9 id\u00e9al pour les \u00e9v\u00e9nements d&rsquo;entreprise, les r\u00e9unions, les conventions ou les rencontres familiales. Avec lumi\u00e8re naturelle, terrasse avec vue sur mer et une capacit\u00e9 pouvant accueillir jusqu&rsquo;\u00e0 120 personnes, cet espace offre confort, polyvalence et tous les services n\u00e9cessaires pour garantir la r\u00e9ussite de toute rencontre professionnelle.<\/p>\t\t\t\t\t\t\t\t<\/div>\n\t\t\t\t<\/div>\n\t\t\t\t<div class=\"elementor-element elementor-element-2fdcb4f elementor-align-left elementor-widget elementor-widget-button\" data-id=\"2fdcb4f\" data-element_type=\"widget\" data-e-type=\"widget\" data-widget_type=\"button.default\">\n\t\t\t\t<div class=\"elementor-widget-container\">\n\t\t\t\t\t\t\t\t\t<div class=\"elementor-button-wrapper\">\n\t\t\t\t\t<a class=\"elementor-button elementor-button-link elementor-size-sm elementor-animation-shrink\" href=\"https:\/\/www.hotelaromar.com\/fr\/services\/evenements\/\">\n\t\t\t\t\t\t<span class=\"elementor-button-content-wrapper\">\n\t\t\t\t\t\t\t\t\t<span class=\"elementor-button-text\">Plus d'informations<\/span>\n\t\t\t\t\t<\/span>\n\t\t\t\t\t<\/a>\n\t\t\t\t<\/div>\n\t\t\t\t\t\t\t\t<\/div>\n\t\t\t\t<\/div>\n\t\t\t\t<\/div>\n\t\t\t\t<\/div>\n\t\t\t\t<\/div>\n\t\t<div class=\"elementor-element elementor-element-212c000 e-con-full e-flex e-con e-parent\" data-id=\"212c000\" data-element_type=\"container\" data-e-type=\"container\">\n\t\t<div class=\"elementor-element elementor-element-4393c73 e-con-full e-flex e-con e-child\" data-id=\"4393c73\" data-element_type=\"container\" data-e-type=\"container\">\n\t\t<div class=\"elementor-element elementor-element-61fe0c8 e-con-full e-flex e-con e-child\" data-id=\"61fe0c8\" data-element_type=\"container\" data-e-type=\"container\">\n\t\t\t\t<div class=\"elementor-element elementor-element-28b51c6 elementor-widget elementor-widget-heading\" data-id=\"28b51c6\" data-element_type=\"widget\" data-e-type=\"widget\" data-widget_type=\"heading.default\">\n\t\t\t\t<div class=\"elementor-widget-container\">\n\t\t\t\t\t<div class=\"elementor-heading-title elementor-size-default\">La terrasse de l'Aromar<\/div>\t\t\t\t<\/div>\n\t\t\t\t<\/div>\n\t\t\t\t<div class=\"elementor-element elementor-element-c715c20 elementor-widget elementor-widget-text-editor\" data-id=\"c715c20\" data-element_type=\"widget\" data-e-type=\"widget\" data-widget_type=\"text-editor.default\">\n\t\t\t\t<div class=\"elementor-widget-container\">\n\t\t\t\t\t\t\t\t\t<p>Situ\u00e9e sur la promenade maritime de Platja d&rsquo;Aro face \u00e0 la mer, la terrasse de l&rsquo;H\u00f4tel Aromar est un restaurant o\u00f9 d\u00e9guster la gastronomie catalane et m\u00e9diterran\u00e9enne. Avec des vues spectaculaires sur la mer, c&rsquo;est l&rsquo;un des meilleurs restaurants de la Costa Brava pour profiter d&rsquo;un repas romantique au bord de la plage.<\/p>\t\t\t\t\t\t\t\t<\/div>\n\t\t\t\t<\/div>\n\t\t\t\t<div class=\"elementor-element elementor-element-700a9c7 elementor-align-left elementor-widget elementor-widget-button\" data-id=\"700a9c7\" data-element_type=\"widget\" data-e-type=\"widget\" data-widget_type=\"button.default\">\n\t\t\t\t<div class=\"elementor-widget-container\">\n\t\t\t\t\t\t\t\t\t<div class=\"elementor-button-wrapper\">\n\t\t\t\t\t<a class=\"elementor-button elementor-button-link elementor-size-sm elementor-animation-shrink\" href=\"https:\/\/www.hotelaromar.com\/fr\/services\/la-terrasse-de-l-aromar\/\">\n\t\t\t\t\t\t<span class=\"elementor-button-content-wrapper\">\n\t\t\t\t\t\t\t\t\t<span class=\"elementor-button-text\">Plus d'informations<\/span>\n\t\t\t\t\t<\/span>\n\t\t\t\t\t<\/a>\n\t\t\t\t<\/div>\n\t\t\t\t\t\t\t\t<\/div>\n\t\t\t\t<\/div>\n\t\t\t\t<\/div>\n\t\t\t\t<\/div>\n\t\t<div class=\"elementor-element elementor-element-65ed6f3 e-con-full e-flex e-con e-child\" data-id=\"65ed6f3\" data-element_type=\"container\" data-e-type=\"container\" data-settings=\"{&quot;background_background&quot;:&quot;classic&quot;}\">\n\t\t\t\t<\/div>\n\t\t\t\t<\/div>\n\t\t<div class=\"elementor-element elementor-element-bceb770 e-con-full e-flex e-con e-parent\" data-id=\"bceb770\" data-element_type=\"container\" data-e-type=\"container\">\n\t\t<div class=\"elementor-element elementor-element-e4ba5a6 e-con-full e-flex e-con e-child\" data-id=\"e4ba5a6\" data-element_type=\"container\" data-e-type=\"container\" data-settings=\"{&quot;background_background&quot;:&quot;classic&quot;}\">\n\t\t\t\t<\/div>\n\t\t<div class=\"elementor-element elementor-element-889bb7c e-con-full e-flex e-con e-child\" data-id=\"889bb7c\" data-element_type=\"container\" data-e-type=\"container\">\n\t\t<div class=\"elementor-element elementor-element-c48a2bc e-con-full e-flex e-con e-child\" data-id=\"c48a2bc\" data-element_type=\"container\" data-e-type=\"container\">\n\t\t\t\t<div class=\"elementor-element elementor-element-1254b66 elementor-widget elementor-widget-heading\" data-id=\"1254b66\" data-element_type=\"widget\" data-e-type=\"widget\" data-widget_type=\"heading.default\">\n\t\t\t\t<div class=\"elementor-widget-container\">\n\t\t\t\t\t<div class=\"elementor-heading-title elementor-size-default\">Piscine<\/div>\t\t\t\t<\/div>\n\t\t\t\t<\/div>\n\t\t\t\t<div class=\"elementor-element elementor-element-f8565f6 elementor-widget elementor-widget-text-editor\" data-id=\"f8565f6\" data-element_type=\"widget\" data-e-type=\"widget\" data-widget_type=\"text-editor.default\">\n\t\t\t\t<div class=\"elementor-widget-container\">\n\t\t\t\t\t\t\t\t\t<p>L&rsquo;Aromar est un h\u00f4tel avec piscine pour adultes et enfants. Autour des piscines se trouve un espace avec mobilier de terrasse exclusivement r\u00e9serv\u00e9 aux clients de l&rsquo;h\u00f4tel, de 10h \u00e0 20h.<\/p>\t\t\t\t\t\t\t\t<\/div>\n\t\t\t\t<\/div>\n\t\t\t\t<div class=\"elementor-element elementor-element-3625643 elementor-align-left elementor-widget elementor-widget-button\" data-id=\"3625643\" data-element_type=\"widget\" data-e-type=\"widget\" data-widget_type=\"button.default\">\n\t\t\t\t<div class=\"elementor-widget-container\">\n\t\t\t\t\t\t\t\t\t<div class=\"elementor-button-wrapper\">\n\t\t\t\t\t<a class=\"elementor-button elementor-button-link elementor-size-sm elementor-animation-shrink\" href=\"https:\/\/www.hotelaromar.com\/fr\/services\/piscine\/\">\n\t\t\t\t\t\t<span class=\"elementor-button-content-wrapper\">\n\t\t\t\t\t\t\t\t\t<span class=\"elementor-button-text\">Plus d'informations<\/span>\n\t\t\t\t\t<\/span>\n\t\t\t\t\t<\/a>\n\t\t\t\t<\/div>\n\t\t\t\t\t\t\t\t<\/div>\n\t\t\t\t<\/div>\n\t\t\t\t<\/div>\n\t\t\t\t<\/div>\n\t\t\t\t<\/div>\n\t\t<div class=\"elementor-element elementor-element-245d580 e-con-full e-flex e-con e-parent\" data-id=\"245d580\" data-element_type=\"container\" data-e-type=\"container\">\n\t\t\t\t<div class=\"elementor-element elementor-element-b057870 elementor-widget elementor-widget-template\" data-id=\"b057870\" data-element_type=\"widget\" data-e-type=\"widget\" data-widget_type=\"template.default\">\n\t\t\t\t<div class=\"elementor-widget-container\">\n\t\t\t\t\t\t\t<div class=\"elementor-template\">\n\t\t\t\t\t<div data-elementor-type=\"container\" data-elementor-id=\"9306\" class=\"elementor elementor-9306 elementor-8515 elementor-8515\" data-elementor-post-type=\"elementor_library\">\n\t\t\t\t<div class=\"elementor-element elementor-element-7010090 e-flex e-con-boxed e-con e-parent\" data-id=\"7010090\" data-element_type=\"container\" data-e-type=\"container\" data-settings=\"{&quot;background_background&quot;:&quot;classic&quot;}\">\n\t\t\t\t\t<div class=\"e-con-inner\">\n\t\t\t\t<div class=\"elementor-element elementor-element-0838a3f elementor-widget elementor-widget-heading\" data-id=\"0838a3f\" data-element_type=\"widget\" data-e-type=\"widget\" data-widget_type=\"heading.default\">\n\t\t\t\t<div class=\"elementor-widget-container\">\n\t\t\t\t\t<div class=\"elementor-heading-title elementor-size-default\">Avantages de r\u00e9server sur le site<\/div>\t\t\t\t<\/div>\n\t\t\t\t<\/div>\n\t\t<div class=\"elementor-element elementor-element-0f2eaef e-con-full e-flex e-con e-child\" data-id=\"0f2eaef\" data-element_type=\"container\" data-e-type=\"container\">\n\t\t\t\t<div class=\"elementor-element elementor-element-c732488 elementor-widget-mobile__width-initial elementor-view-default elementor-position-block-start elementor-mobile-position-block-start elementor-widget elementor-widget-icon-box\" data-id=\"c732488\" data-element_type=\"widget\" data-e-type=\"widget\" data-widget_type=\"icon-box.default\">\n\t\t\t\t<div class=\"elementor-widget-container\">\n\t\t\t\t\t\t\t<div class=\"elementor-icon-box-wrapper\">\n\n\t\t\t\t\t\t<div class=\"elementor-icon-box-icon\">\n\t\t\t\t<span  class=\"elementor-icon\">\n\t\t\t\t<svg xmlns=\"http:\/\/www.w3.org\/2000\/svg\" height=\"24\" viewBox=\"0 -960 960 960\" width=\"24\"><path d=\"M480-150q-21 0-35.5-14.5T430-200q0-21 14.5-35.5T480-250q21 0 35.5 14.5T530-200q0 21-14.5 35.5T480-150ZM254-346l-28-28q50-50 114.666-78t139.5-28Q555-480 619.5-452T734-374l-28 28q-44-44-102-69t-124-25q-66 0-124 25t-102 69ZM84-516l-28-28q81-81 189-128.5T480-720q127 0 235 47.5T904-544l-28 28q-77-77-178.5-120.5T480-680q-116 0-217.5 43.5T84-516Z\"><\/path><\/svg>\t\t\t\t<\/span>\n\t\t\t<\/div>\n\t\t\t\n\t\t\t\t\t\t<div class=\"elementor-icon-box-content\">\n\n\t\t\t\t\t\t\t\t\t<h3 class=\"elementor-icon-box-title\">\n\t\t\t\t\t\t<span  >\n\t\t\t\t\t\t\tWi-Fi gratuit\t\t\t\t\t\t<\/span>\n\t\t\t\t\t<\/h3>\n\t\t\t\t\n\t\t\t\t\n\t\t\t<\/div>\n\t\t\t\n\t\t<\/div>\n\t\t\t\t\t\t<\/div>\n\t\t\t\t<\/div>\n\t\t\t\t<div class=\"elementor-element elementor-element-95e4e74 elementor-widget-mobile__width-initial elementor-view-default elementor-position-block-start elementor-mobile-position-block-start elementor-widget elementor-widget-icon-box\" data-id=\"95e4e74\" data-element_type=\"widget\" data-e-type=\"widget\" data-widget_type=\"icon-box.default\">\n\t\t\t\t<div class=\"elementor-widget-container\">\n\t\t\t\t\t\t\t<div class=\"elementor-icon-box-wrapper\">\n\n\t\t\t\t\t\t<div class=\"elementor-icon-box-icon\">\n\t\t\t\t<span  class=\"elementor-icon\">\n\t\t\t\t<svg xmlns=\"http:\/\/www.w3.org\/2000\/svg\" height=\"24px\" viewBox=\"0 -960 960 960\" width=\"24px\" fill=\"#000000\"><path d=\"M292-172v-616h228q77 0 132.5 55.5T708-600q0 77-55.5 132.5T520-412H348v240h-56Zm56-296h172q54 0 93-39t39-93q0-54-39-93t-93-39H348v264Z\"><\/path><\/svg>\t\t\t\t<\/span>\n\t\t\t<\/div>\n\t\t\t\n\t\t\t\t\t\t<div class=\"elementor-icon-box-content\">\n\n\t\t\t\t\t\t\t\t\t<h3 class=\"elementor-icon-box-title\">\n\t\t\t\t\t\t<span  >\n\t\t\t\t\t\t\tParking\t\t\t\t\t\t<\/span>\n\t\t\t\t\t<\/h3>\n\t\t\t\t\n\t\t\t\t\n\t\t\t<\/div>\n\t\t\t\n\t\t<\/div>\n\t\t\t\t\t\t<\/div>\n\t\t\t\t<\/div>\n\t\t\t\t<div class=\"elementor-element elementor-element-4fd5e30 elementor-widget-mobile__width-initial elementor-view-default elementor-position-block-start elementor-mobile-position-block-start elementor-widget elementor-widget-icon-box\" data-id=\"4fd5e30\" data-element_type=\"widget\" data-e-type=\"widget\" data-widget_type=\"icon-box.default\">\n\t\t\t\t<div class=\"elementor-widget-container\">\n\t\t\t\t\t\t\t<div class=\"elementor-icon-box-wrapper\">\n\n\t\t\t\t\t\t<div class=\"elementor-icon-box-icon\">\n\t\t\t\t<span  class=\"elementor-icon\">\n\t\t\t\t<svg xmlns=\"http:\/\/www.w3.org\/2000\/svg\" height=\"24px\" viewBox=\"0 -960 960 960\" width=\"24px\" fill=\"#000000\"><path d=\"m354-287 126-76 126 77-33-144 111-96-146-13-58-136-58 135-146 13 111 97-33 143Zm-61 83.92 49.62-212.54-164.93-142.84 217.23-18.85L480-777.69l85.08 200.38 217.23 18.85-164.93 142.84L667-203.08 480-315.92 293-203.08ZM480-470Z\"><\/path><\/svg>\t\t\t\t<\/span>\n\t\t\t<\/div>\n\t\t\t\n\t\t\t\t\t\t<div class=\"elementor-icon-box-content\">\n\n\t\t\t\t\t\t\t\t\t<h3 class=\"elementor-icon-box-title\">\n\t\t\t\t\t\t<span  >\n\t\t\t\t\t\t\tMeilleur tarif\t\t\t\t\t\t<\/span>\n\t\t\t\t\t<\/h3>\n\t\t\t\t\n\t\t\t\t\n\t\t\t<\/div>\n\t\t\t\n\t\t<\/div>\n\t\t\t\t\t\t<\/div>\n\t\t\t\t<\/div>\n\t\t\t\t<div class=\"elementor-element elementor-element-bcd34ad elementor-widget-mobile__width-initial elementor-view-default elementor-position-block-start elementor-mobile-position-block-start elementor-widget elementor-widget-icon-box\" data-id=\"bcd34ad\" data-element_type=\"widget\" data-e-type=\"widget\" data-widget_type=\"icon-box.default\">\n\t\t\t\t<div class=\"elementor-widget-container\">\n\t\t\t\t\t\t\t<div class=\"elementor-icon-box-wrapper\">\n\n\t\t\t\t\t\t<div class=\"elementor-icon-box-icon\">\n\t\t\t\t<span  class=\"elementor-icon\">\n\t\t\t\t<svg xmlns=\"http:\/\/www.w3.org\/2000\/svg\" height=\"24\" viewBox=\"0 -960 960 960\" width=\"24\"><path d=\"M828-688v416q0 26-17 43t-43 17H192q-26 0-43-17t-17-43v-416q0-26 17-43t43-17h576q26 0 43 17t17 43Zm-668 90h640v-90q0-12-10-22t-22-10H192q-12 0-22 10t-10 22v90Zm0 76v250q0 12 10 22t22 10h576q12 0 22-10t10-22v-250H160Zm0 282v-480 480Z\"><\/path><\/svg>\t\t\t\t<\/span>\n\t\t\t<\/div>\n\t\t\t\n\t\t\t\t\t\t<div class=\"elementor-icon-box-content\">\n\n\t\t\t\t\t\t\t\t\t<h3 class=\"elementor-icon-box-title\">\n\t\t\t\t\t\t<span  >\n\t\t\t\t\t\t\tPaiement \u00e0 l'h\u00f4tel\t\t\t\t\t\t<\/span>\n\t\t\t\t\t<\/h3>\n\t\t\t\t\n\t\t\t\t\n\t\t\t<\/div>\n\t\t\t\n\t\t<\/div>\n\t\t\t\t\t\t<\/div>\n\t\t\t\t<\/div>\n\t\t\t\t<\/div>\n\t\t\t\t\t<\/div>\n\t\t\t\t<\/div>\n\t\t\t\t<\/div>\n\t\t\t\t<\/div>\n\t\t\t\t\t\t<\/div>\n\t\t\t\t<\/div>\n\t\t\t\t<\/div>\n\t\t\t\t<\/div>\n\t\t","protected":false},"excerpt":{"rendered":"<p>L&rsquo;h\u00f4tel Services Recharge de v\u00e9hicules \u00e9lectriques Point de recharge pour voitures \u00e9lectriques r\u00e9serv\u00e9 aux clients. Consulter les tarifs \u00e0 la r\u00e9ception. Parking Nous disposons d&rsquo;un garage ferm\u00e9 d&rsquo;une capacit\u00e9 de 14 v\u00e9hicules, compl\u00e9t\u00e9 par un parking priv\u00e9 ext\u00e9rieur de 94 places, tous deux \u00e9quip\u00e9s d&rsquo;un syst\u00e8me de vid\u00e9osurveillance 24h\/24 et 7j\/7. L&rsquo;ensemble comprend \u00e9galement 5&hellip;&nbsp;<\/p>\n","protected":false},"author":1,"featured_media":0,"parent":0,"menu_order":0,"comment_status":"closed","ping_status":"closed","template":"elementor_header_footer","meta":{"_acf_changed":false,"neve_meta_sidebar":"","neve_meta_container":"","neve_meta_enable_content_width":"","neve_meta_content_width":0,"neve_meta_title_alignment":"","neve_meta_author_avatar":"","neve_post_elements_order":"","neve_meta_disable_header":"","neve_meta_disable_footer":"","neve_meta_disable_title":"","neve_meta_reading_time":"","footnotes":""},"class_list":["post-8242","page","type-page","status-publish","hentry"],"acf":[],"yoast_head":"<!-- This site is optimized with the Yoast SEO plugin v28.4 - https:\/\/yoast.com\/product\/yoast-seo-wordpress\/ -->\n<title>Services de l&#039;h\u00f4tel | H\u00f4tel avec piscine et terrasse | Hotel Aromar<\/title>\n<meta name=\"description\" content=\"Venez \u00e0 Playa de Aro, choisissez l\u2019h\u00f4tel Aromar: piscine et terrasse face \u00e0 la mer de la Costa Brava. Profitez de vos vacances avec des services h\u00f4teliers de qualit\u00e9\" \/>\n<meta name=\"robots\" content=\"index, follow, max-snippet:-1, max-image-preview:large, max-video-preview:-1\" \/>\n<link rel=\"canonical\" href=\"https:\/\/www.hotelaromar.com\/fr\/services\/\" \/>\n<meta property=\"og:locale\" content=\"fr_FR\" \/>\n<meta property=\"og:type\" content=\"article\" \/>\n<meta property=\"og:title\" content=\"Services de l&#039;h\u00f4tel | H\u00f4tel avec piscine et terrasse | Hotel Aromar\" \/>\n<meta property=\"og:description\" content=\"Venez \u00e0 Playa de Aro, choisissez l\u2019h\u00f4tel Aromar: piscine et terrasse face \u00e0 la mer de la Costa Brava. Profitez de vos vacances avec des services h\u00f4teliers de qualit\u00e9\" \/>\n<meta property=\"og:url\" content=\"https:\/\/www.hotelaromar.com\/fr\/services\/\" \/>\n<meta property=\"og:site_name\" content=\"Hotel Aromar\" \/>\n<meta property=\"article:publisher\" content=\"https:\/\/www.facebook.com\/hotelaromar.platjadaro\/\" \/>\n<meta property=\"article:modified_time\" content=\"2026-08-21T08:59:50+00:00\" \/>\n<meta property=\"og:image\" content=\"https:\/\/www.hotelaromar.com\/wp-content\/uploads\/2024\/04\/Aromar.jpg\" \/>\n\t<meta property=\"og:image:width\" content=\"1200\" \/>\n\t<meta property=\"og:image:height\" content=\"675\" \/>\n\t<meta property=\"og:image:type\" content=\"image\/jpeg\" \/>\n<meta name=\"twitter:card\" content=\"summary_large_image\" \/>\n<meta name=\"twitter:label1\" content=\"Dur\u00e9e de lecture estim\u00e9e\" \/>\n\t<meta name=\"twitter:data1\" content=\"2 minutes\" \/>\n<script type=\"application\/ld+json\" class=\"yoast-schema-graph\">{\"@context\":\"https:\\\/\\\/schema.org\",\"@graph\":[{\"@type\":\"WebPage\",\"@id\":\"https:\\\/\\\/www.hotelaromar.com\\\/fr\\\/services\\\/\",\"url\":\"https:\\\/\\\/www.hotelaromar.com\\\/fr\\\/services\\\/\",\"name\":\"Services de l'h\u00f4tel | H\u00f4tel avec piscine et terrasse | Hotel Aromar\",\"isPartOf\":{\"@id\":\"https:\\\/\\\/www.hotelaromar.com\\\/fr\\\/#website\"},\"datePublished\":\"2026-07-06T08:23:21+00:00\",\"dateModified\":\"2026-08-21T08:59:50+00:00\",\"description\":\"Venez \u00e0 Playa de Aro, choisissez l\u2019h\u00f4tel Aromar: piscine et terrasse face \u00e0 la mer de la Costa Brava. Profitez de vos vacances avec des services h\u00f4teliers de qualit\u00e9\",\"breadcrumb\":{\"@id\":\"https:\\\/\\\/www.hotelaromar.com\\\/fr\\\/services\\\/#breadcrumb\"},\"inLanguage\":\"fr-FR\",\"potentialAction\":[{\"@type\":\"ReadAction\",\"target\":[\"https:\\\/\\\/www.hotelaromar.com\\\/fr\\\/services\\\/\"]}]},{\"@type\":\"BreadcrumbList\",\"@id\":\"https:\\\/\\\/www.hotelaromar.com\\\/fr\\\/services\\\/#breadcrumb\",\"itemListElement\":[{\"@type\":\"ListItem\",\"position\":1,\"name\":\"Portada\",\"item\":\"https:\\\/\\\/www.hotelaromar.com\\\/fr\\\/\"},{\"@type\":\"ListItem\",\"position\":2,\"name\":\"Services\"}]},{\"@type\":\"WebSite\",\"@id\":\"https:\\\/\\\/www.hotelaromar.com\\\/fr\\\/#website\",\"url\":\"https:\\\/\\\/www.hotelaromar.com\\\/fr\\\/\",\"name\":\"Aromar Hotels & Restaurants\",\"description\":\"La teva llar mediterr\u00e0nia davant del mar\",\"publisher\":{\"@id\":\"https:\\\/\\\/www.hotelaromar.com\\\/fr\\\/#organization\"},\"alternateName\":\"Aromar Hotels & Restaurants\",\"potentialAction\":[{\"@type\":\"SearchAction\",\"target\":{\"@type\":\"EntryPoint\",\"urlTemplate\":\"https:\\\/\\\/www.hotelaromar.com\\\/fr\\\/?s={search_term_string}\"},\"query-input\":{\"@type\":\"PropertyValueSpecification\",\"valueRequired\":true,\"valueName\":\"search_term_string\"}}],\"inLanguage\":\"fr-FR\"},{\"@type\":\"Organization\",\"@id\":\"https:\\\/\\\/www.hotelaromar.com\\\/fr\\\/#organization\",\"name\":\"Hotel Aromar\",\"alternateName\":\"Aromar Hotels\",\"url\":\"https:\\\/\\\/www.hotelaromar.com\\\/fr\\\/\",\"logo\":{\"@type\":\"ImageObject\",\"inLanguage\":\"fr-FR\",\"@id\":\"https:\\\/\\\/www.hotelaromar.com\\\/fr\\\/#\\\/schema\\\/logo\\\/image\\\/\",\"url\":\"https:\\\/\\\/www.hotelaromar.com\\\/wp-content\\\/uploads\\\/2026\\\/08\\\/favicon-aromar.png\",\"contentUrl\":\"https:\\\/\\\/www.hotelaromar.com\\\/wp-content\\\/uploads\\\/2026\\\/08\\\/favicon-aromar.png\",\"width\":512,\"height\":512,\"caption\":\"Hotel Aromar\"},\"image\":{\"@id\":\"https:\\\/\\\/www.hotelaromar.com\\\/fr\\\/#\\\/schema\\\/logo\\\/image\\\/\"},\"sameAs\":[\"https:\\\/\\\/www.facebook.com\\\/hotelaromar.platjadaro\\\/\",\"https:\\\/\\\/www.instagram.com\\\/hotelaromar\\\/\",\"https:\\\/\\\/www.tiktok.com\\\/@aromarhotels\",\"https:\\\/\\\/www.linkedin.com\\\/company\\\/grup-aromar\\\/about\\\/\"]}]}<\/script>\n<!-- \/ Yoast SEO plugin. -->","yoast_head_json":{"title":"Services de l'h\u00f4tel | H\u00f4tel avec piscine et terrasse | Hotel Aromar","description":"Venez \u00e0 Playa de Aro, choisissez l\u2019h\u00f4tel Aromar: piscine et terrasse face \u00e0 la mer de la Costa Brava. Profitez de vos vacances avec des services h\u00f4teliers de qualit\u00e9","robots":{"index":"index","follow":"follow","max-snippet":"max-snippet:-1","max-image-preview":"max-image-preview:large","max-video-preview":"max-video-preview:-1"},"canonical":"https:\/\/www.hotelaromar.com\/fr\/services\/","og_locale":"fr_FR","og_type":"article","og_title":"Services de l'h\u00f4tel | H\u00f4tel avec piscine et terrasse | Hotel Aromar","og_description":"Venez \u00e0 Playa de Aro, choisissez l\u2019h\u00f4tel Aromar: piscine et terrasse face \u00e0 la mer de la Costa Brava. Profitez de vos vacances avec des services h\u00f4teliers de qualit\u00e9","og_url":"https:\/\/www.hotelaromar.com\/fr\/services\/","og_site_name":"Hotel Aromar","article_publisher":"https:\/\/www.facebook.com\/hotelaromar.platjadaro\/","article_modified_time":"2026-08-21T08:59:50+00:00","og_image":[{"width":1200,"height":675,"url":"https:\/\/www.hotelaromar.com\/wp-content\/uploads\/2024\/04\/Aromar.jpg","type":"image\/jpeg"}],"twitter_card":"summary_large_image","twitter_misc":{"Dur\u00e9e de lecture estim\u00e9e":"2 minutes"},"schema":{"@context":"https:\/\/schema.org","@graph":[{"@type":"WebPage","@id":"https:\/\/www.hotelaromar.com\/fr\/services\/","url":"https:\/\/www.hotelaromar.com\/fr\/services\/","name":"Services de l'h\u00f4tel | H\u00f4tel avec piscine et terrasse | Hotel Aromar","isPartOf":{"@id":"https:\/\/www.hotelaromar.com\/fr\/#website"},"datePublished":"2026-07-06T08:23:21+00:00","dateModified":"2026-08-21T08:59:50+00:00","description":"Venez \u00e0 Playa de Aro, choisissez l\u2019h\u00f4tel Aromar: piscine et terrasse face \u00e0 la mer de la Costa Brava. Profitez de vos vacances avec des services h\u00f4teliers de qualit\u00e9","breadcrumb":{"@id":"https:\/\/www.hotelaromar.com\/fr\/services\/#breadcrumb"},"inLanguage":"fr-FR","potentialAction":[{"@type":"ReadAction","target":["https:\/\/www.hotelaromar.com\/fr\/services\/"]}]},{"@type":"BreadcrumbList","@id":"https:\/\/www.hotelaromar.com\/fr\/services\/#breadcrumb","itemListElement":[{"@type":"ListItem","position":1,"name":"Portada","item":"https:\/\/www.hotelaromar.com\/fr\/"},{"@type":"ListItem","position":2,"name":"Services"}]},{"@type":"WebSite","@id":"https:\/\/www.hotelaromar.com\/fr\/#website","url":"https:\/\/www.hotelaromar.com\/fr\/","name":"Aromar Hotels & Restaurants","description":"La teva llar mediterr\u00e0nia davant del mar","publisher":{"@id":"https:\/\/www.hotelaromar.com\/fr\/#organization"},"alternateName":"Aromar Hotels & Restaurants","potentialAction":[{"@type":"SearchAction","target":{"@type":"EntryPoint","urlTemplate":"https:\/\/www.hotelaromar.com\/fr\/?s={search_term_string}"},"query-input":{"@type":"PropertyValueSpecification","valueRequired":true,"valueName":"search_term_string"}}],"inLanguage":"fr-FR"},{"@type":"Organization","@id":"https:\/\/www.hotelaromar.com\/fr\/#organization","name":"Hotel Aromar","alternateName":"Aromar Hotels","url":"https:\/\/www.hotelaromar.com\/fr\/","logo":{"@type":"ImageObject","inLanguage":"fr-FR","@id":"https:\/\/www.hotelaromar.com\/fr\/#\/schema\/logo\/image\/","url":"https:\/\/www.hotelaromar.com\/wp-content\/uploads\/2026\/08\/favicon-aromar.png","contentUrl":"https:\/\/www.hotelaromar.com\/wp-content\/uploads\/2026\/08\/favicon-aromar.png","width":512,"height":512,"caption":"Hotel Aromar"},"image":{"@id":"https:\/\/www.hotelaromar.com\/fr\/#\/schema\/logo\/image\/"},"sameAs":["https:\/\/www.facebook.com\/hotelaromar.platjadaro\/","https:\/\/www.instagram.com\/hotelaromar\/","https:\/\/www.tiktok.com\/@aromarhotels","https:\/\/www.linkedin.com\/company\/grup-aromar\/about\/"]}]}},"_links":{"self":[{"href":"https:\/\/www.hotelaromar.com\/fr\/wp-json\/wp\/v2\/pages\/8242","targetHints":{"allow":["GET"]}}],"collection":[{"href":"https:\/\/www.hotelaromar.com\/fr\/wp-json\/wp\/v2\/pages"}],"about":[{"href":"https:\/\/www.hotelaromar.com\/fr\/wp-json\/wp\/v2\/types\/page"}],"author":[{"embeddable":true,"href":"https:\/\/www.hotelaromar.com\/fr\/wp-json\/wp\/v2\/users\/1"}],"replies":[{"embeddable":true,"href":"https:\/\/www.hotelaromar.com\/fr\/wp-json\/wp\/v2\/comments?post=8242"}],"version-history":[{"count":4,"href":"https:\/\/www.hotelaromar.com\/fr\/wp-json\/wp\/v2\/pages\/8242\/revisions"}],"predecessor-version":[{"id":10065,"href":"https:\/\/www.hotelaromar.com\/fr\/wp-json\/wp\/v2\/pages\/8242\/revisions\/10065"}],"wp:attachment":[{"href":"https:\/\/www.hotelaromar.com\/fr\/wp-json\/wp\/v2\/media?parent=8242"}],"curies":[{"name":"wp","href":"https:\/\/api.w.org\/{rel}","templated":true}]}}